{"id":1880,"date":"2026-02-18T09:57:29","date_gmt":"2026-02-18T08:57:29","guid":{"rendered":"https:\/\/alzbetazetzmann.com\/alzbeta-zetzmann-en-new\/"},"modified":"2026-04-09T16:28:59","modified_gmt":"2026-04-09T14:28:59","slug":"alzbeta-zetzmann-en-new","status":"publish","type":"page","link":"https:\/\/alzbetazetzmann.com\/de\/","title":{"rendered":"Al\u017ebeta Zetzmann"},"content":{"rendered":"\t\t<div data-elementor-type=\"wp-page\" data-elementor-id=\"1880\" class=\"elementor elementor-1880 elementor-1723\" data-elementor-post-type=\"page\">\n\t\t\t\t<div class=\"elementor-element elementor-element-5f8d865 e-flex e-con-boxed e-con e-parent\" data-id=\"5f8d865\" data-element_type=\"container\" data-settings=\"{&quot;background_background&quot;:&quot;slideshow&quot;,&quot;background_slideshow_gallery&quot;:[{&quot;id&quot;:1860,&quot;url&quot;:&quot;https:\\\/\\\/alzbetazetzmann.com\\\/wp-content\\\/uploads\\\/2026\\\/03\\\/Background-Image-of-Switzerland-Psychologist-in-Basel.jpeg&quot;},{&quot;id&quot;:1861,&quot;url&quot;:&quot;https:\\\/\\\/alzbetazetzmann.com\\\/wp-content\\\/uploads\\\/2026\\\/02\\\/Pokojne-alpske-udolie-a-priezracna-rieka.jpg&quot;}],&quot;background_slideshow_ken_burns&quot;:&quot;yes&quot;,&quot;background_slideshow_loop&quot;:&quot;yes&quot;,&quot;background_slideshow_slide_duration&quot;:5000,&quot;background_slideshow_slide_transition&quot;:&quot;fade&quot;,&quot;background_slideshow_transition_duration&quot;:500,&quot;background_slideshow_ken_burns_zoom_direction&quot;:&quot;in&quot;}\">\n\t\t\t\t\t<div class=\"e-con-inner\">\n\t\t\t\t<div class=\"elementor-element elementor-element-b98348c elementor-widget elementor-widget-heading\" data-id=\"b98348c\" data-element_type=\"widget\" data-widget_type=\"heading.default\">\n\t\t\t\t<div class=\"elementor-widget-container\">\n\t\t\t\t\t<h1 class=\"elementor-heading-title elementor-size-default\">Al\u017ebeta Zetzmann, MSc \u2013 Psychologin in Basel. Unterst\u00fctzung auf Englisch &amp; Slowakisch <\/h1>\t\t\t\t<\/div>\n\t\t\t\t<\/div>\n\t\t\t\t<div class=\"elementor-element elementor-element-1bb81df elementor-widget elementor-widget-heading\" data-id=\"1bb81df\" data-element_type=\"widget\" data-widget_type=\"heading.default\">\n\t\t\t\t<div class=\"elementor-widget-container\">\n\t\t\t\t\t<p class=\"elementor-heading-title elementor-size-default\">Ein vertraulicher, unterst\u00fctzender Raum f\u00fcr Wohlbefinden, Selbstreflexion und mentale Gesundheit.<br>Pers\u00f6nliche Sitzungen in Basel (Schweiz) werden in K\u00fcrze verf\u00fcgbar sein; derzeit sind Online-Sitzungen m\u00f6glich. \n<\/p>\t\t\t\t<\/div>\n\t\t\t\t<\/div>\n\t\t<div class=\"elementor-element elementor-element-80100f7 e-con-full e-flex e-con e-child\" data-id=\"80100f7\" data-element_type=\"container\">\n\t\t\t\t<div class=\"elementor-element elementor-element-161a5c3 elementor-mobile-align-justify elementor-widget elementor-widget-button\" data-id=\"161a5c3\" data-element_type=\"widget\" data-widget_type=\"button.default\">\n\t\t\t\t<div class=\"elementor-widget-container\">\n\t\t\t\t\t\t\t\t\t<div class=\"elementor-button-wrapper\">\n\t\t\t\t\t<a class=\"elementor-button elementor-button-link elementor-size-sm\" href=\"#kontakt\">\n\t\t\t\t\t\t<span class=\"elementor-button-content-wrapper\">\n\t\t\t\t\t\t\t\t\t<span class=\"elementor-button-text\">Kontakt aufnehmen<\/span>\n\t\t\t\t\t<\/span>\n\t\t\t\t\t<\/a>\n\t\t\t\t<\/div>\n\t\t\t\t\t\t\t\t<\/div>\n\t\t\t\t<\/div>\n\t\t\t\t<div class=\"elementor-element elementor-element-b0276dc elementor-mobile-align-justify elementor-widget elementor-widget-button\" data-id=\"b0276dc\" data-element_type=\"widget\" data-widget_type=\"button.default\">\n\t\t\t\t<div class=\"elementor-widget-container\">\n\t\t\t\t\t\t\t\t\t<div class=\"elementor-button-wrapper\">\n\t\t\t\t\t<a class=\"elementor-button elementor-button-link elementor-size-sm\" href=\"#informacie\">\n\t\t\t\t\t\t<span class=\"elementor-button-content-wrapper\">\n\t\t\t\t\t\t\t\t\t<span class=\"elementor-button-text\">Ablauf der Sitzungen<\/span>\n\t\t\t\t\t<\/span>\n\t\t\t\t\t<\/a>\n\t\t\t\t<\/div>\n\t\t\t\t\t\t\t\t<\/div>\n\t\t\t\t<\/div>\n\t\t\t\t<\/div>\n\t\t\t\t\t<\/div>\n\t\t\t\t<\/div>\n\t\t<div class=\"elementor-element elementor-element-920a936 e-flex e-con-boxed e-con e-parent\" data-id=\"920a936\" data-element_type=\"container\">\n\t\t\t\t\t<div class=\"e-con-inner\">\n\t\t\t\t<div class=\"elementor-element elementor-element-d870ac4 elementor-widget elementor-widget-testimonial\" data-id=\"d870ac4\" data-element_type=\"widget\" data-widget_type=\"testimonial.default\">\n\t\t\t\t<div class=\"elementor-widget-container\">\n\t\t\t\t\t\t\t<div class=\"elementor-testimonial-wrapper\">\n\t\t\t\t\t\t\t<div class=\"elementor-testimonial-content\">Dr\u00e4nge den Fluss nicht, er flie\u00dft von selbst.<\/div>\n\t\t\t\n\t\t\t\t\t\t<div class=\"elementor-testimonial-meta\">\n\t\t\t\t<div class=\"elementor-testimonial-meta-inner\">\n\t\t\t\t\t\n\t\t\t\t\t\t\t\t\t\t<div class=\"elementor-testimonial-details\">\n\t\t\t\t\t\t\t\t\t\t\t\t\t\t<div class=\"elementor-testimonial-name\">Laozi<\/div>\n\t\t\t\t\t\t\t\t\t\t\t\t\t\t\t\t\t\t\t<\/div>\n\t\t\t\t\t\t\t\t\t<\/div>\n\t\t\t<\/div>\n\t\t\t\t\t<\/div>\n\t\t\t\t\t\t<\/div>\n\t\t\t\t<\/div>\n\t\t\t\t\t<\/div>\n\t\t\t\t<\/div>\n\t\t<div class=\"elementor-element elementor-element-be8e62b e-flex e-con-boxed e-con e-parent\" data-id=\"be8e62b\" data-element_type=\"container\" data-settings=\"{&quot;background_background&quot;:&quot;classic&quot;}\">\n\t\t\t\t\t<div class=\"e-con-inner\">\n\t\t<div class=\"elementor-element elementor-element-1aaa26e e-con-full e-flex e-con e-child\" data-id=\"1aaa26e\" data-element_type=\"container\" data-settings=\"{&quot;background_background&quot;:&quot;classic&quot;}\">\n\t\t\t\t<div class=\"elementor-element elementor-element-9a5516a elementor-widget elementor-widget-image\" data-id=\"9a5516a\" data-element_type=\"widget\" data-widget_type=\"image.default\">\n\t\t\t\t<div class=\"elementor-widget-container\">\n\t\t\t\t\t\t\t\t\t\t\t\t\t\t\t<img fetchpriority=\"high\" decoding=\"async\" width=\"2484\" height=\"2484\" src=\"https:\/\/alzbetazetzmann.com\/wp-content\/uploads\/2026\/02\/Alzbeta-Zetzmann-English-Speaking-Psychologist-in-Basel.jpeg\" class=\"attachment-full size-full wp-image-1862\" alt=\"Al\u017ebeta Zetzmann English Speaking Psychologist in Basel\" srcset=\"https:\/\/alzbetazetzmann.com\/wp-content\/uploads\/2026\/02\/Alzbeta-Zetzmann-English-Speaking-Psychologist-in-Basel.jpeg 2484w, https:\/\/alzbetazetzmann.com\/wp-content\/uploads\/2026\/02\/Alzbeta-Zetzmann-English-Speaking-Psychologist-in-Basel-300x300.jpeg 300w, https:\/\/alzbetazetzmann.com\/wp-content\/uploads\/2026\/02\/Alzbeta-Zetzmann-English-Speaking-Psychologist-in-Basel-1024x1024.jpeg 1024w, https:\/\/alzbetazetzmann.com\/wp-content\/uploads\/2026\/02\/Alzbeta-Zetzmann-English-Speaking-Psychologist-in-Basel-150x150.jpeg 150w, https:\/\/alzbetazetzmann.com\/wp-content\/uploads\/2026\/02\/Alzbeta-Zetzmann-English-Speaking-Psychologist-in-Basel-768x768.jpeg 768w, https:\/\/alzbetazetzmann.com\/wp-content\/uploads\/2026\/02\/Alzbeta-Zetzmann-English-Speaking-Psychologist-in-Basel-1536x1536.jpeg 1536w, https:\/\/alzbetazetzmann.com\/wp-content\/uploads\/2026\/02\/Alzbeta-Zetzmann-English-Speaking-Psychologist-in-Basel-2048x2048.jpeg 2048w\" sizes=\"(max-width: 2484px) 100vw, 2484px\" \/>\t\t\t\t\t\t\t\t\t\t\t\t\t\t\t<\/div>\n\t\t\t\t<\/div>\n\t\t\t\t<\/div>\n\t\t<div class=\"elementor-element elementor-element-45199dc e-con-full e-flex e-con e-child\" data-id=\"45199dc\" data-element_type=\"container\">\n\t\t\t\t<div class=\"elementor-element elementor-element-6b3da0c elementor-widget elementor-widget-text-editor\" data-id=\"6b3da0c\" data-element_type=\"widget\" data-widget_type=\"text-editor.default\">\n\t\t\t\t<div class=\"elementor-widget-container\">\n\t\t\t\t\t\t\t\t\t<p><strong>Herzlich willkommen. Ich freue mich darauf, Sie auf Ihrem Weg ein St\u00fcck zu begleiten. <br><\/strong><\/p>\t\t\t\t\t\t\t\t<\/div>\n\t\t\t\t<\/div>\n\t\t\t\t<div class=\"elementor-element elementor-element-f1afd7a elementor-widget elementor-widget-heading\" data-id=\"f1afd7a\" data-element_type=\"widget\" data-widget_type=\"heading.default\">\n\t\t\t\t<div class=\"elementor-widget-container\">\n\t\t\t\t\t<h2 class=\"elementor-heading-title elementor-size-default\">Integrativer psychotherapeutischer Ansatz \u2013 individuell auf Ihre Bed\u00fcrfnisse abgestimmt\n<\/h2>\t\t\t\t<\/div>\n\t\t\t\t<\/div>\n\t\t\t\t<div class=\"elementor-element elementor-element-f6fc177 elementor-widget elementor-widget-text-editor\" data-id=\"f6fc177\" data-element_type=\"widget\" data-widget_type=\"text-editor.default\">\n\t\t\t\t<div class=\"elementor-widget-container\">\n\t\t\t\t\t\t\t\t\t<p><strong>Al\u017ebeta Zetzmann, MSc &#8211; Psychologin, Psychotherapeutin<\/strong><\/p>\t\t\t\t\t\t\t\t<\/div>\n\t\t\t\t<\/div>\n\t\t\t\t<div class=\"elementor-element elementor-element-d9d8204 elementor-icon-list--layout-traditional elementor-list-item-link-full_width elementor-widget elementor-widget-icon-list\" data-id=\"d9d8204\" data-element_type=\"widget\" data-widget_type=\"icon-list.default\">\n\t\t\t\t<div class=\"elementor-widget-container\">\n\t\t\t\t\t\t\t<ul class=\"elementor-icon-list-items\">\n\t\t\t\t\t\t\t<li class=\"elementor-icon-list-item\">\n\t\t\t\t\t\t\t\t\t\t\t<span class=\"elementor-icon-list-icon\">\n\t\t\t\t\t\t\t<i aria-hidden=\"true\" class=\"fas fa-check\"><\/i>\t\t\t\t\t\t<\/span>\n\t\t\t\t\t\t\t\t\t\t<span class=\"elementor-icon-list-text\">Eingetragen in das Verzeichnis der Psychotherapeuten der Slowakischen Republik (Slowakische Psychotherapeutische Gesellschaft)<\/span>\n\t\t\t\t\t\t\t\t\t<\/li>\n\t\t\t\t\t\t\t\t<li class=\"elementor-icon-list-item\">\n\t\t\t\t\t\t\t\t\t\t\t<span class=\"elementor-icon-list-icon\">\n\t\t\t\t\t\t\t<i aria-hidden=\"true\" class=\"fas fa-check\"><\/i>\t\t\t\t\t\t<\/span>\n\t\t\t\t\t\t\t\t\t\t<span class=\"elementor-icon-list-text\">Staatlich anerkannte Psychotherapeutin in der Schweiz (Psychologieberufekommission)<\/span>\n\t\t\t\t\t\t\t\t\t<\/li>\n\t\t\t\t\t\t<\/ul>\n\t\t\t\t\t\t<\/div>\n\t\t\t\t<\/div>\n\t\t\t\t<div class=\"elementor-element elementor-element-8013994 elementor-widget elementor-widget-text-editor\" data-id=\"8013994\" data-element_type=\"widget\" data-widget_type=\"text-editor.default\">\n\t\t\t\t<div class=\"elementor-widget-container\">\n\t\t\t\t\t\t\t\t\t<p>Ich arbeite auf Basis der integrativen Psychotherapie, die auf gemeinsamen Wirkfaktoren aller psychotherapeutischen Richtungen beruht. Dieser Ansatz nutzt ein flexibles Modell, das sich aus der Beziehungstheorie ableitet und erm\u00f6glicht so eine individuelle Anpassung an die vielf\u00e4ltigen Bed\u00fcrfnisse der Klient:innen. <\/p>\t\t\t\t\t\t\t\t<\/div>\n\t\t\t\t<\/div>\n\t\t\t\t<div class=\"elementor-element elementor-element-d07503e elementor-align-right elementor-mobile-align-center elementor-widget elementor-widget-button\" data-id=\"d07503e\" data-element_type=\"widget\" data-widget_type=\"button.default\">\n\t\t\t\t<div class=\"elementor-widget-container\">\n\t\t\t\t\t\t\t\t\t<div class=\"elementor-button-wrapper\">\n\t\t\t\t\t<a class=\"elementor-button elementor-button-link elementor-size-sm\" href=\"#viacomne\">\n\t\t\t\t\t\t<span class=\"elementor-button-content-wrapper\">\n\t\t\t\t\t\t\t\t\t<span class=\"elementor-button-text\">Mehr \u00fcber mich<\/span>\n\t\t\t\t\t<\/span>\n\t\t\t\t\t<\/a>\n\t\t\t\t<\/div>\n\t\t\t\t\t\t\t\t<\/div>\n\t\t\t\t<\/div>\n\t\t\t\t<\/div>\n\t\t\t\t\t<\/div>\n\t\t\t\t<\/div>\n\t\t<div class=\"elementor-element elementor-element-9345a47 e-flex e-con-boxed e-con e-parent\" data-id=\"9345a47\" data-element_type=\"container\">\n\t\t\t\t\t<div class=\"e-con-inner\">\n\t\t\t\t<div class=\"elementor-element elementor-element-c879279 e-transform elementor-widget elementor-widget-menu-anchor\" data-id=\"c879279\" data-element_type=\"widget\" data-settings=\"{&quot;_transform_translateY_effect&quot;:{&quot;unit&quot;:&quot;px&quot;,&quot;size&quot;:-100,&quot;sizes&quot;:[]},&quot;_transform_translateX_effect&quot;:{&quot;unit&quot;:&quot;px&quot;,&quot;size&quot;:&quot;&quot;,&quot;sizes&quot;:[]},&quot;_transform_translateX_effect_tablet&quot;:{&quot;unit&quot;:&quot;px&quot;,&quot;size&quot;:&quot;&quot;,&quot;sizes&quot;:[]},&quot;_transform_translateX_effect_mobile&quot;:{&quot;unit&quot;:&quot;px&quot;,&quot;size&quot;:&quot;&quot;,&quot;sizes&quot;:[]},&quot;_transform_translateY_effect_tablet&quot;:{&quot;unit&quot;:&quot;px&quot;,&quot;size&quot;:&quot;&quot;,&quot;sizes&quot;:[]},&quot;_transform_translateY_effect_mobile&quot;:{&quot;unit&quot;:&quot;px&quot;,&quot;size&quot;:&quot;&quot;,&quot;sizes&quot;:[]}}\" data-widget_type=\"menu-anchor.default\">\n\t\t\t\t<div class=\"elementor-widget-container\">\n\t\t\t\t\t\t\t<div class=\"elementor-menu-anchor\" id=\"sluzby\"><\/div>\n\t\t\t\t\t\t<\/div>\n\t\t\t\t<\/div>\n\t\t\t\t<div class=\"elementor-element elementor-element-3b9b350 elementor-widget elementor-widget-heading\" data-id=\"3b9b350\" data-element_type=\"widget\" data-widget_type=\"heading.default\">\n\t\t\t\t<div class=\"elementor-widget-container\">\n\t\t\t\t\t<h2 class=\"elementor-heading-title elementor-size-default\">Angebot<\/h2>\t\t\t\t<\/div>\n\t\t\t\t<\/div>\n\t\t\t\t<div class=\"elementor-element elementor-element-c83662d elementor-widget elementor-widget-text-editor\" data-id=\"c83662d\" data-element_type=\"widget\" data-widget_type=\"text-editor.default\">\n\t\t\t\t<div class=\"elementor-widget-container\">\n\t\t\t\t\t\t\t\t\t<p>Die Beratung wird auf Ihre individuellen Bed\u00fcrfnisse, Ihr Tempo und Ihre aktuelle Lebenssituation abgestimmt.<\/p>\t\t\t\t\t\t\t\t<\/div>\n\t\t\t\t<\/div>\n\t\t<div class=\"elementor-element elementor-element-6c6f349 e-grid e-con-full e-con e-child\" data-id=\"6c6f349\" data-element_type=\"container\">\n\t\t<div class=\"elementor-element elementor-element-73ff5e3 e-con-full e-flex e-con e-child\" data-id=\"73ff5e3\" data-element_type=\"container\">\n\t\t\t\t<div class=\"elementor-element elementor-element-a1d9c1e elementor-widget elementor-widget-image\" data-id=\"a1d9c1e\" data-element_type=\"widget\" data-widget_type=\"image.default\">\n\t\t\t\t<div class=\"elementor-widget-container\">\n\t\t\t\t\t\t\t\t\t\t\t\t\t\t\t<img decoding=\"async\" width=\"800\" height=\"534\" src=\"https:\/\/alzbetazetzmann.com\/wp-content\/uploads\/2026\/03\/Psychological-Counseling-1024x683.jpeg\" class=\"attachment-large size-large wp-image-1863\" alt=\"Psychologische Beratung\" srcset=\"https:\/\/alzbetazetzmann.com\/wp-content\/uploads\/2026\/03\/Psychological-Counseling-1024x683.jpeg 1024w, https:\/\/alzbetazetzmann.com\/wp-content\/uploads\/2026\/03\/Psychological-Counseling-300x200.jpeg 300w, https:\/\/alzbetazetzmann.com\/wp-content\/uploads\/2026\/03\/Psychological-Counseling-768x512.jpeg 768w, https:\/\/alzbetazetzmann.com\/wp-content\/uploads\/2026\/03\/Psychological-Counseling-1536x1025.jpeg 1536w, https:\/\/alzbetazetzmann.com\/wp-content\/uploads\/2026\/03\/Psychological-Counseling.jpeg 2000w\" sizes=\"(max-width: 800px) 100vw, 800px\" \/>\t\t\t\t\t\t\t\t\t\t\t\t\t\t\t<\/div>\n\t\t\t\t<\/div>\n\t\t\t\t<div class=\"elementor-element elementor-element-aa5b403 elementor-widget elementor-widget-heading\" data-id=\"aa5b403\" data-element_type=\"widget\" data-widget_type=\"heading.default\">\n\t\t\t\t<div class=\"elementor-widget-container\">\n\t\t\t\t\t<h3 class=\"elementor-heading-title elementor-size-default\">Psychologische Beratung<\/h3>\t\t\t\t<\/div>\n\t\t\t\t<\/div>\n\t\t\t\t<div class=\"elementor-element elementor-element-8fb4e8f elementor-widget elementor-widget-text-editor\" data-id=\"8fb4e8f\" data-element_type=\"widget\" data-widget_type=\"text-editor.default\">\n\t\t\t\t<div class=\"elementor-widget-container\">\n\t\t\t\t\t\t\t\t\t<p>Das Leben ist vielf\u00e4ltig, und manchmal geraten wir an einen Punkt, an dem gewohnte Bew\u00e4ltigungsstrategien nicht mehr funktionieren und das Gef\u00fchl von Wohlbefinden fern erscheint. In solchen Momenten ist es wichtig, Unterst\u00fctzung zu suchen \u2013 gemeinsam finden wir den Weg zur\u00fcck zu Ihrer inneren Freiheit.   In der Regel handelt es sich dabei um eine mittel- bis l\u00e4ngerfristige Zusammenarbeit. <\/p>\t\t\t\t\t\t\t\t<\/div>\n\t\t\t\t<\/div>\n\t\t\t\t<\/div>\n\t\t<div class=\"elementor-element elementor-element-7589188 e-con-full e-flex e-con e-child\" data-id=\"7589188\" data-element_type=\"container\">\n\t\t\t\t<div class=\"elementor-element elementor-element-9d2600a elementor-widget elementor-widget-image\" data-id=\"9d2600a\" data-element_type=\"widget\" data-widget_type=\"image.default\">\n\t\t\t\t<div class=\"elementor-widget-container\">\n\t\t\t\t\t\t\t\t\t\t\t\t\t\t\t<img decoding=\"async\" width=\"800\" height=\"534\" src=\"https:\/\/alzbetazetzmann.com\/wp-content\/uploads\/2026\/03\/Psychedelic-Integration-1024x683.jpg\" class=\"attachment-large size-large wp-image-1864\" alt=\"Psychedelische Integration\" srcset=\"https:\/\/alzbetazetzmann.com\/wp-content\/uploads\/2026\/03\/Psychedelic-Integration-1024x683.jpg 1024w, https:\/\/alzbetazetzmann.com\/wp-content\/uploads\/2026\/03\/Psychedelic-Integration-300x200.jpg 300w, https:\/\/alzbetazetzmann.com\/wp-content\/uploads\/2026\/03\/Psychedelic-Integration-768x512.jpg 768w, https:\/\/alzbetazetzmann.com\/wp-content\/uploads\/2026\/03\/Psychedelic-Integration-1536x1025.jpg 1536w, https:\/\/alzbetazetzmann.com\/wp-content\/uploads\/2026\/03\/Psychedelic-Integration.jpg 2000w\" sizes=\"(max-width: 800px) 100vw, 800px\" \/>\t\t\t\t\t\t\t\t\t\t\t\t\t\t\t<\/div>\n\t\t\t\t<\/div>\n\t\t\t\t<div class=\"elementor-element elementor-element-409927c elementor-widget elementor-widget-heading\" data-id=\"409927c\" data-element_type=\"widget\" data-widget_type=\"heading.default\">\n\t\t\t\t<div class=\"elementor-widget-container\">\n\t\t\t\t\t<h3 class=\"elementor-heading-title elementor-size-default\">Integration psychedelischer Erfahrungen<\/h3>\t\t\t\t<\/div>\n\t\t\t\t<\/div>\n\t\t\t\t<div class=\"elementor-element elementor-element-6e7129e elementor-widget elementor-widget-text-editor\" data-id=\"6e7129e\" data-element_type=\"widget\" data-widget_type=\"text-editor.default\">\n\t\t\t\t<div class=\"elementor-widget-container\">\n\t\t\t\t\t\t\t\t\t<p>Bei tiefgreifenden Erlebnissen, die unsere Weltsicht ver\u00e4ndern, ist es wichtig, diese bewusst zu verarbeiten. Ich unterst\u00fctze Sie dabei, diese Erfahrungen in Ihre pers\u00f6nliche Lebensgeschichte zu integrieren, ihnen Sinn zu verleihen und stabile innere Ressourcen aufzubauen. In der Regel handelt es sich dabei um eine kurzfristige Begleitung (bis zu 10 Sitzungen).  <\/p>\t\t\t\t\t\t\t\t<\/div>\n\t\t\t\t<\/div>\n\t\t\t\t<\/div>\n\t\t\t\t<\/div>\n\t\t\t\t\t<\/div>\n\t\t\t\t<\/div>\n\t\t<div class=\"elementor-element elementor-element-e3f5bdf e-flex e-con-boxed e-con e-parent\" data-id=\"e3f5bdf\" data-element_type=\"container\" data-settings=\"{&quot;background_background&quot;:&quot;classic&quot;}\">\n\t\t\t\t\t<div class=\"e-con-inner\">\n\t\t\t\t<div class=\"elementor-element elementor-element-a073ed7 elementor-widget elementor-widget-heading\" data-id=\"a073ed7\" data-element_type=\"widget\" data-widget_type=\"heading.default\">\n\t\t\t\t<div class=\"elementor-widget-container\">\n\t\t\t\t\t<h2 class=\"elementor-heading-title elementor-size-default\">Therapeutische Ans\u00e4tze &amp; besondere Schwerpunkte<\/h2>\t\t\t\t<\/div>\n\t\t\t\t<\/div>\n\t\t<div class=\"elementor-element elementor-element-f62e629 e-grid e-con-full e-con e-child\" data-id=\"f62e629\" data-element_type=\"container\">\n\t\t<div class=\"elementor-element elementor-element-4dffeb7 e-con-full e-flex e-con e-child\" data-id=\"4dffeb7\" data-element_type=\"container\">\n\t\t\t\t<div class=\"elementor-element elementor-element-aff73e8 elementor-widget elementor-widget-image\" data-id=\"aff73e8\" data-element_type=\"widget\" data-widget_type=\"image.default\">\n\t\t\t\t<div class=\"elementor-widget-container\">\n\t\t\t\t\t\t\t\t\t\t\t\t\t\t\t<img loading=\"lazy\" decoding=\"async\" width=\"800\" height=\"800\" src=\"https:\/\/alzbetazetzmann.com\/wp-content\/uploads\/2026\/02\/Gestalt-therapy.jpg\" class=\"attachment-large size-large wp-image-1865\" alt=\"Gestalttherapie\" srcset=\"https:\/\/alzbetazetzmann.com\/wp-content\/uploads\/2026\/02\/Gestalt-therapy.jpg 1024w, https:\/\/alzbetazetzmann.com\/wp-content\/uploads\/2026\/02\/Gestalt-therapy-300x300.jpg 300w, https:\/\/alzbetazetzmann.com\/wp-content\/uploads\/2026\/02\/Gestalt-therapy-150x150.jpg 150w, https:\/\/alzbetazetzmann.com\/wp-content\/uploads\/2026\/02\/Gestalt-therapy-768x768.jpg 768w\" sizes=\"(max-width: 800px) 100vw, 800px\" \/>\t\t\t\t\t\t\t\t\t\t\t\t\t\t\t<\/div>\n\t\t\t\t<\/div>\n\t\t\t\t<div class=\"elementor-element elementor-element-f73a7e9 elementor-widget elementor-widget-heading\" data-id=\"f73a7e9\" data-element_type=\"widget\" data-widget_type=\"heading.default\">\n\t\t\t\t<div class=\"elementor-widget-container\">\n\t\t\t\t\t<h3 class=\"elementor-heading-title elementor-size-default\">Gestalttherapie<\/h3>\t\t\t\t<\/div>\n\t\t\t\t<\/div>\n\t\t\t\t<div class=\"elementor-element elementor-element-b21eded elementor-widget elementor-widget-text-editor\" data-id=\"b21eded\" data-element_type=\"widget\" data-widget_type=\"text-editor.default\">\n\t\t\t\t<div class=\"elementor-widget-container\">\n\t\t\t\t\t\t\t\t\t<p>Meine Arbeit ist stark von der Gestalttherapie gepr\u00e4gt, die Sie dazu einl\u00e4dt, Ihre Selbstwahrnehmung durch achtsame Aufmerksamkeit f\u00fcr den gegenw\u00e4rtigen Moment \u2013 Gedanken, Emotionen und k\u00f6rperliches Erleben \u2013 zu vertiefen. In einer partnerschaftlichen und vertrauensvollen Beziehung untersuchen wir Muster, die Ihr Wohlbefinden und Ihre Beziehungen pr\u00e4gen, und arbeiten mit dem, was im \u201eHier und Jetzt\u201c geschieht. Dieser integrative, relationale Ansatz hilft Ihnen, sich wieder mit inneren Ressourcen zu verbinden und bedeutsame Ver\u00e4nderungen zu bewirken.  <\/p>\t\t\t\t\t\t\t\t<\/div>\n\t\t\t\t<\/div>\n\t\t\t\t<\/div>\n\t\t<div class=\"elementor-element elementor-element-5ac39db e-con-full e-flex e-con e-child\" data-id=\"5ac39db\" data-element_type=\"container\">\n\t\t\t\t<div class=\"elementor-element elementor-element-44fea53 elementor-widget elementor-widget-image\" data-id=\"44fea53\" data-element_type=\"widget\" data-widget_type=\"image.default\">\n\t\t\t\t<div class=\"elementor-widget-container\">\n\t\t\t\t\t\t\t\t\t\t\t\t\t\t\t<img loading=\"lazy\" decoding=\"async\" width=\"800\" height=\"800\" src=\"https:\/\/alzbetazetzmann.com\/wp-content\/uploads\/2026\/03\/grief-and-loss.jpg\" class=\"attachment-large size-large wp-image-1866\" alt=\"Trauer und Verlust\" srcset=\"https:\/\/alzbetazetzmann.com\/wp-content\/uploads\/2026\/03\/grief-and-loss.jpg 1024w, https:\/\/alzbetazetzmann.com\/wp-content\/uploads\/2026\/03\/grief-and-loss-300x300.jpg 300w, https:\/\/alzbetazetzmann.com\/wp-content\/uploads\/2026\/03\/grief-and-loss-150x150.jpg 150w, https:\/\/alzbetazetzmann.com\/wp-content\/uploads\/2026\/03\/grief-and-loss-768x768.jpg 768w\" sizes=\"(max-width: 800px) 100vw, 800px\" \/>\t\t\t\t\t\t\t\t\t\t\t\t\t\t\t<\/div>\n\t\t\t\t<\/div>\n\t\t\t\t<div class=\"elementor-element elementor-element-fcc4d8a elementor-widget elementor-widget-heading\" data-id=\"fcc4d8a\" data-element_type=\"widget\" data-widget_type=\"heading.default\">\n\t\t\t\t<div class=\"elementor-widget-container\">\n\t\t\t\t\t<h3 class=\"elementor-heading-title elementor-size-default\">Emotionsfokussierte Therapie (EFT)<\/h3>\t\t\t\t<\/div>\n\t\t\t\t<\/div>\n\t\t\t\t<div class=\"elementor-element elementor-element-57b2beb elementor-widget elementor-widget-text-editor\" data-id=\"57b2beb\" data-element_type=\"widget\" data-widget_type=\"text-editor.default\">\n\t\t\t\t<div class=\"elementor-widget-container\">\n\t\t\t\t\t\t\t\t\t<p>Die Emotionsfokussierte Therapie bietet einen sanften und strukturierten Weg, Emotionen und Bed\u00fcrfnisse zu verstehen \u2013 insbesondere in Beziehungsmustern mit Partnern, Familie oder sich selbst. In unseren Sitzungen erforschen wir emotionale Erfahrungen mit Mitgef\u00fchl, st\u00e4rken das emotionale Bewusstsein und unterst\u00fctzen neue Reaktionsweisen, die sich fundierter und authentischer anf\u00fchlen. Ich integriere EFT-Prinzipien in einen evidenzbasierten Beratungsprozess, der auf Ihre individuellen Bed\u00fcrfnisse zugeschnitten ist.  <\/p>\t\t\t\t\t\t\t\t<\/div>\n\t\t\t\t<\/div>\n\t\t\t\t<\/div>\n\t\t<div class=\"elementor-element elementor-element-66c2e04 e-con-full e-flex e-con e-child\" data-id=\"66c2e04\" data-element_type=\"container\">\n\t\t\t\t<div class=\"elementor-element elementor-element-69cea80 elementor-widget elementor-widget-image\" data-id=\"69cea80\" data-element_type=\"widget\" data-widget_type=\"image.default\">\n\t\t\t\t<div class=\"elementor-widget-container\">\n\t\t\t\t\t\t\t\t\t\t\t\t\t\t\t<img loading=\"lazy\" decoding=\"async\" width=\"800\" height=\"800\" src=\"https:\/\/alzbetazetzmann.com\/wp-content\/uploads\/2026\/03\/EMDR-informed-work.jpg\" class=\"attachment-large size-large wp-image-1867\" alt=\"EMDR-informierte Arbeit\" srcset=\"https:\/\/alzbetazetzmann.com\/wp-content\/uploads\/2026\/03\/EMDR-informed-work.jpg 1024w, https:\/\/alzbetazetzmann.com\/wp-content\/uploads\/2026\/03\/EMDR-informed-work-300x300.jpg 300w, https:\/\/alzbetazetzmann.com\/wp-content\/uploads\/2026\/03\/EMDR-informed-work-150x150.jpg 150w, https:\/\/alzbetazetzmann.com\/wp-content\/uploads\/2026\/03\/EMDR-informed-work-768x768.jpg 768w\" sizes=\"(max-width: 800px) 100vw, 800px\" \/>\t\t\t\t\t\t\t\t\t\t\t\t\t\t\t<\/div>\n\t\t\t\t<\/div>\n\t\t\t\t<div class=\"elementor-element elementor-element-d8665f5 elementor-widget elementor-widget-heading\" data-id=\"d8665f5\" data-element_type=\"widget\" data-widget_type=\"heading.default\">\n\t\t\t\t<div class=\"elementor-widget-container\">\n\t\t\t\t\t<h3 class=\"elementor-heading-title elementor-size-default\">EMDR-informierte Arbeit (in Ausbildung)<\/h3>\t\t\t\t<\/div>\n\t\t\t\t<\/div>\n\t\t\t\t<div class=\"elementor-element elementor-element-b8e6248 elementor-widget elementor-widget-text-editor\" data-id=\"b8e6248\" data-element_type=\"widget\" data-widget_type=\"text-editor.default\">\n\t\t\t\t<div class=\"elementor-widget-container\">\n\t\t\t\t\t\t\t\t\t<p>Einige Klienten suchen gezielt nach EMDR bei der Arbeit mit traumabezogenen Symptomen, belastenden Erinnerungen oder Angstreaktionen. Meine Praxis ist traumainformiert und integrativ, und ich befinde mich derzeit in einer fortgeschrittenen Ausbildung in EMDR-bezogenen Methoden. Wo angemessen, kann ich EMDR-informierte Prinzipien als Teil unserer therapeutischen Arbeit einbeziehen \u2013 immer sorgf\u00e4ltig dosiert, kooperativ und mit Aufmerksamkeit auf Sicherheit, Stabilisierung und Ihre inneren Ressourcen.  <\/p>\t\t\t\t\t\t\t\t<\/div>\n\t\t\t\t<\/div>\n\t\t\t\t<\/div>\n\t\t\t\t<\/div>\n\t\t\t\t\t<\/div>\n\t\t\t\t<\/div>\n\t\t<div class=\"elementor-element elementor-element-84b315b e-flex e-con-boxed e-con e-parent\" data-id=\"84b315b\" data-element_type=\"container\">\n\t\t\t\t\t<div class=\"e-con-inner\">\n\t\t<div class=\"elementor-element elementor-element-9052e1f e-con-full e-flex e-con e-child\" data-id=\"9052e1f\" data-element_type=\"container\">\n\t\t\t\t<div class=\"elementor-element elementor-element-421648b elementor-widget elementor-widget-heading\" data-id=\"421648b\" data-element_type=\"widget\" data-widget_type=\"heading.default\">\n\t\t\t\t<div class=\"elementor-widget-container\">\n\t\t\t\t\t<h2 class=\"elementor-heading-title elementor-size-default\">Themen, mit denen Sie sich an mich wenden k\u00f6nnen<\/h2>\t\t\t\t<\/div>\n\t\t\t\t<\/div>\n\t\t\t\t<div class=\"elementor-element elementor-element-6a51402 elementor-widget elementor-widget-text-editor\" data-id=\"6a51402\" data-element_type=\"widget\" data-widget_type=\"text-editor.default\">\n\t\t\t\t<div class=\"elementor-widget-container\">\n\t\t\t\t\t\t\t\t\t<p>Wenn Sie versuchen, einen Therapeuten in Basel zu finden, und unsicher sind, wo Sie anfangen sollen, sind dies h\u00e4ufige Gr\u00fcnde, warum Menschen sich melden.<br>Wir werden Ihre Bed\u00fcrfnisse gemeinsam kl\u00e4ren und die Arbeit auf Ihre individuelle Situation in einem vertraulichen, unterst\u00fctzenden Rahmen abstimmen.<\/p>\t\t\t\t\t\t\t\t<\/div>\n\t\t\t\t<\/div>\n\t\t<div class=\"elementor-element elementor-element-93dc63d e-grid e-con-full e-con e-child\" data-id=\"93dc63d\" data-element_type=\"container\">\n\t\t\t\t<div class=\"elementor-element elementor-element-2b55eb8 elementor-widget elementor-widget-n-accordion\" data-id=\"2b55eb8\" data-element_type=\"widget\" data-settings=\"{&quot;default_state&quot;:&quot;all_collapsed&quot;,&quot;max_items_expended&quot;:&quot;one&quot;,&quot;n_accordion_animation_duration&quot;:{&quot;unit&quot;:&quot;ms&quot;,&quot;size&quot;:400,&quot;sizes&quot;:[]}}\" data-widget_type=\"nested-accordion.default\">\n\t\t\t\t<div class=\"elementor-widget-container\">\n\t\t\t\t\t\t\t<div class=\"e-n-accordion\" aria-label=\"Accordion. Open links with Enter or Space, close with Escape, and navigate with Arrow Keys\">\n\t\t\t\t\t\t<details id=\"e-n-accordion-item-4540\" class=\"e-n-accordion-item\" >\n\t\t\t\t<summary class=\"e-n-accordion-item-title\" data-accordion-index=\"1\" tabindex=\"0\" aria-expanded=\"false\" aria-controls=\"e-n-accordion-item-4540\" >\n\t\t\t\t\t<span class='e-n-accordion-item-title-header'><h3 class=\"e-n-accordion-item-title-text\"> Angst <\/h3><\/span>\n\t\t\t\t\t\t\t<span class='e-n-accordion-item-title-icon'>\n\t\t\t<span class='e-opened' ><i aria-hidden=\"true\" class=\"fas fa-chevron-up\"><\/i><\/span>\n\t\t\t<span class='e-closed'><i aria-hidden=\"true\" class=\"fas fa-chevron-down\"><\/i><\/span>\n\t\t<\/span>\n\n\t\t\t\t\t\t<\/summary>\n\t\t\t\t<div role=\"region\" aria-labelledby=\"e-n-accordion-item-4540\" class=\"elementor-element elementor-element-c6317b3 e-con-full e-flex e-con e-child\" data-id=\"c6317b3\" data-element_type=\"container\">\n\t\t\t\t<div class=\"elementor-element elementor-element-cbe5e9a elementor-position-left elementor-position-left elementor-vertical-align-top elementor-vertical-align-top elementor-widget elementor-widget-image-box\" data-id=\"cbe5e9a\" data-element_type=\"widget\" data-widget_type=\"image-box.default\">\n\t\t\t\t<div class=\"elementor-widget-container\">\n\t\t\t\t\t<div class=\"elementor-image-box-wrapper\"><figure class=\"elementor-image-box-img\"><img loading=\"lazy\" decoding=\"async\" width=\"1024\" height=\"1024\" src=\"https:\/\/alzbetazetzmann.com\/wp-content\/uploads\/2026\/03\/anxiety.jpg\" class=\"attachment-full size-full wp-image-1868\" alt=\"Angst\" srcset=\"https:\/\/alzbetazetzmann.com\/wp-content\/uploads\/2026\/03\/anxiety.jpg 1024w, https:\/\/alzbetazetzmann.com\/wp-content\/uploads\/2026\/03\/anxiety-300x300.jpg 300w, https:\/\/alzbetazetzmann.com\/wp-content\/uploads\/2026\/03\/anxiety-150x150.jpg 150w, https:\/\/alzbetazetzmann.com\/wp-content\/uploads\/2026\/03\/anxiety-768x768.jpg 768w\" sizes=\"(max-width: 1024px) 100vw, 1024px\" \/><\/figure><div class=\"elementor-image-box-content\"><p class=\"elementor-image-box-description\">Anhaltende Sorgen, Anspannung, Paniksymptome oder Angst, die sich schwer bew\u00e4ltigen l\u00e4sst, k\u00f6nnen das t\u00e4gliche Leben und Beziehungen beeintr\u00e4chtigen. Gemeinsam erforschen wir Muster, st\u00e4rken innere Ressourcen und entwickeln stabilere Bew\u00e4ltigungsstrategien. <\/p><\/div><\/div>\t\t\t\t<\/div>\n\t\t\t\t<\/div>\n\t\t\t\t<\/div>\n\t\t\t\t\t<\/details>\n\t\t\t\t\t\t<details id=\"e-n-accordion-item-4541\" class=\"e-n-accordion-item\" >\n\t\t\t\t<summary class=\"e-n-accordion-item-title\" data-accordion-index=\"2\" tabindex=\"-1\" aria-expanded=\"false\" aria-controls=\"e-n-accordion-item-4541\" >\n\t\t\t\t\t<span class='e-n-accordion-item-title-header'><h3 class=\"e-n-accordion-item-title-text\"> Stress &amp; Burnout <\/h3><\/span>\n\t\t\t\t\t\t\t<span class='e-n-accordion-item-title-icon'>\n\t\t\t<span class='e-opened' ><i aria-hidden=\"true\" class=\"fas fa-chevron-up\"><\/i><\/span>\n\t\t\t<span class='e-closed'><i aria-hidden=\"true\" class=\"fas fa-chevron-down\"><\/i><\/span>\n\t\t<\/span>\n\n\t\t\t\t\t\t<\/summary>\n\t\t\t\t<div role=\"region\" aria-labelledby=\"e-n-accordion-item-4541\" class=\"elementor-element elementor-element-cb58525 e-con-full e-flex e-con e-child\" data-id=\"cb58525\" data-element_type=\"container\">\n\t\t\t\t<div class=\"elementor-element elementor-element-9c69b0a elementor-position-left elementor-position-left elementor-vertical-align-top elementor-vertical-align-top elementor-widget elementor-widget-image-box\" data-id=\"9c69b0a\" data-element_type=\"widget\" data-widget_type=\"image-box.default\">\n\t\t\t\t<div class=\"elementor-widget-container\">\n\t\t\t\t\t<div class=\"elementor-image-box-wrapper\"><figure class=\"elementor-image-box-img\"><img loading=\"lazy\" decoding=\"async\" width=\"1024\" height=\"1024\" src=\"https:\/\/alzbetazetzmann.com\/wp-content\/uploads\/2026\/03\/stress-and-burnout.jpg\" class=\"attachment-full size-full wp-image-1869\" alt=\"Stress und Burnout\" srcset=\"https:\/\/alzbetazetzmann.com\/wp-content\/uploads\/2026\/03\/stress-and-burnout.jpg 1024w, https:\/\/alzbetazetzmann.com\/wp-content\/uploads\/2026\/03\/stress-and-burnout-300x300.jpg 300w, https:\/\/alzbetazetzmann.com\/wp-content\/uploads\/2026\/03\/stress-and-burnout-150x150.jpg 150w, https:\/\/alzbetazetzmann.com\/wp-content\/uploads\/2026\/03\/stress-and-burnout-768x768.jpg 768w\" sizes=\"(max-width: 1024px) 100vw, 1024px\" \/><\/figure><div class=\"elementor-image-box-content\"><p class=\"elementor-image-box-description\">Langfristiger Stress kann sich als Ersch\u00f6pfung, Gereiztheit, Schlafprobleme oder das Gef\u00fchl \u00e4u\u00dfern, st\u00e4ndig \u201eunter Strom\u201c zu stehen. In unserer Arbeit konzentrieren wir uns auf Selbstwahrnehmung, Grenzen und praktische Strategien, die Ihr Wohlbefinden nachhaltig unterst\u00fctzen. <\/p><\/div><\/div>\t\t\t\t<\/div>\n\t\t\t\t<\/div>\n\t\t\t\t<\/div>\n\t\t\t\t\t<\/details>\n\t\t\t\t\t\t<details id=\"e-n-accordion-item-4542\" class=\"e-n-accordion-item\" >\n\t\t\t\t<summary class=\"e-n-accordion-item-title\" data-accordion-index=\"3\" tabindex=\"-1\" aria-expanded=\"false\" aria-controls=\"e-n-accordion-item-4542\" >\n\t\t\t\t\t<span class='e-n-accordion-item-title-header'><h3 class=\"e-n-accordion-item-title-text\"> Niedergeschlagenheit \/ Depression <\/h3><\/span>\n\t\t\t\t\t\t\t<span class='e-n-accordion-item-title-icon'>\n\t\t\t<span class='e-opened' ><i aria-hidden=\"true\" class=\"fas fa-chevron-up\"><\/i><\/span>\n\t\t\t<span class='e-closed'><i aria-hidden=\"true\" class=\"fas fa-chevron-down\"><\/i><\/span>\n\t\t<\/span>\n\n\t\t\t\t\t\t<\/summary>\n\t\t\t\t<div role=\"region\" aria-labelledby=\"e-n-accordion-item-4542\" class=\"elementor-element elementor-element-0c6b96c e-con-full e-flex e-con e-child\" data-id=\"0c6b96c\" data-element_type=\"container\">\n\t\t\t\t<div class=\"elementor-element elementor-element-c7fb76b elementor-position-left elementor-position-left elementor-vertical-align-top elementor-vertical-align-top elementor-widget elementor-widget-image-box\" data-id=\"c7fb76b\" data-element_type=\"widget\" data-widget_type=\"image-box.default\">\n\t\t\t\t<div class=\"elementor-widget-container\">\n\t\t\t\t\t<div class=\"elementor-image-box-wrapper\"><figure class=\"elementor-image-box-img\"><img loading=\"lazy\" decoding=\"async\" width=\"1024\" height=\"1024\" src=\"https:\/\/alzbetazetzmann.com\/wp-content\/uploads\/2026\/03\/low-mood-depression.jpg\" class=\"attachment-full size-full wp-image-1870\" alt=\"Niedergeschlagenheit Depression\" srcset=\"https:\/\/alzbetazetzmann.com\/wp-content\/uploads\/2026\/03\/low-mood-depression.jpg 1024w, https:\/\/alzbetazetzmann.com\/wp-content\/uploads\/2026\/03\/low-mood-depression-300x300.jpg 300w, https:\/\/alzbetazetzmann.com\/wp-content\/uploads\/2026\/03\/low-mood-depression-150x150.jpg 150w, https:\/\/alzbetazetzmann.com\/wp-content\/uploads\/2026\/03\/low-mood-depression-768x768.jpg 768w\" sizes=\"(max-width: 1024px) 100vw, 1024px\" \/><\/figure><div class=\"elementor-image-box-content\"><p class=\"elementor-image-box-description\">Traurigkeit, Taubheit, Motivationsverlust oder ein Gef\u00fchl der Schwere k\u00f6nnen selbst einfache Aufgaben schwierig machen. Wir schaffen einen unterst\u00fctzenden Raum, um zu verstehen, was geschieht, und um Schritt f\u00fcr Schritt wieder Sinn und Vitalit\u00e4t zu finden. <\/p><\/div><\/div>\t\t\t\t<\/div>\n\t\t\t\t<\/div>\n\t\t\t\t<\/div>\n\t\t\t\t\t<\/details>\n\t\t\t\t\t\t<details id=\"e-n-accordion-item-4543\" class=\"e-n-accordion-item\" >\n\t\t\t\t<summary class=\"e-n-accordion-item-title\" data-accordion-index=\"4\" tabindex=\"-1\" aria-expanded=\"false\" aria-controls=\"e-n-accordion-item-4543\" >\n\t\t\t\t\t<span class='e-n-accordion-item-title-header'><h3 class=\"e-n-accordion-item-title-text\"> Selbstwert &amp; Identit\u00e4t <\/h3><\/span>\n\t\t\t\t\t\t\t<span class='e-n-accordion-item-title-icon'>\n\t\t\t<span class='e-opened' ><i aria-hidden=\"true\" class=\"fas fa-chevron-up\"><\/i><\/span>\n\t\t\t<span class='e-closed'><i aria-hidden=\"true\" class=\"fas fa-chevron-down\"><\/i><\/span>\n\t\t<\/span>\n\n\t\t\t\t\t\t<\/summary>\n\t\t\t\t<div role=\"region\" aria-labelledby=\"e-n-accordion-item-4543\" class=\"elementor-element elementor-element-972161b e-con-full e-flex e-con e-child\" data-id=\"972161b\" data-element_type=\"container\">\n\t\t\t\t<div class=\"elementor-element elementor-element-34c548f elementor-position-left elementor-position-left elementor-vertical-align-top elementor-vertical-align-top elementor-widget elementor-widget-image-box\" data-id=\"34c548f\" data-element_type=\"widget\" data-widget_type=\"image-box.default\">\n\t\t\t\t<div class=\"elementor-widget-container\">\n\t\t\t\t\t<div class=\"elementor-image-box-wrapper\"><figure class=\"elementor-image-box-img\"><img loading=\"lazy\" decoding=\"async\" width=\"1024\" height=\"1024\" src=\"https:\/\/alzbetazetzmann.com\/wp-content\/uploads\/2026\/03\/Self-esteem-identity.jpg\" class=\"attachment-full size-full wp-image-1871\" alt=\"Selbstwert Identit\u00e4t\" srcset=\"https:\/\/alzbetazetzmann.com\/wp-content\/uploads\/2026\/03\/Self-esteem-identity.jpg 1024w, https:\/\/alzbetazetzmann.com\/wp-content\/uploads\/2026\/03\/Self-esteem-identity-300x300.jpg 300w, https:\/\/alzbetazetzmann.com\/wp-content\/uploads\/2026\/03\/Self-esteem-identity-150x150.jpg 150w, https:\/\/alzbetazetzmann.com\/wp-content\/uploads\/2026\/03\/Self-esteem-identity-768x768.jpg 768w\" sizes=\"(max-width: 1024px) 100vw, 1024px\" \/><\/figure><div class=\"elementor-image-box-content\"><p class=\"elementor-image-box-description\">Ein geringes Selbstwertgef\u00fchl geht oft mit harter Selbstkritik, dem Drang, es anderen recht zu machen (People-Pleasing), oder dem Gef\u00fchl einher, \u201enicht gut genug\u201c zu sein. Gemeinsam erforschen wir emotionale Bed\u00fcrfnisse, st\u00e4rken das Selbstmitgef\u00fchl und f\u00f6rdern ein stabileres Selbstbild. <\/p><\/div><\/div>\t\t\t\t<\/div>\n\t\t\t\t<\/div>\n\t\t\t\t<\/div>\n\t\t\t\t\t<\/details>\n\t\t\t\t\t\t<details id=\"e-n-accordion-item-4544\" class=\"e-n-accordion-item\" >\n\t\t\t\t<summary class=\"e-n-accordion-item-title\" data-accordion-index=\"5\" tabindex=\"-1\" aria-expanded=\"false\" aria-controls=\"e-n-accordion-item-4544\" >\n\t\t\t\t\t<span class='e-n-accordion-item-title-header'><h3 class=\"e-n-accordion-item-title-text\"> Traumabezogene Anliegen <\/h3><\/span>\n\t\t\t\t\t\t\t<span class='e-n-accordion-item-title-icon'>\n\t\t\t<span class='e-opened' ><i aria-hidden=\"true\" class=\"fas fa-chevron-up\"><\/i><\/span>\n\t\t\t<span class='e-closed'><i aria-hidden=\"true\" class=\"fas fa-chevron-down\"><\/i><\/span>\n\t\t<\/span>\n\n\t\t\t\t\t\t<\/summary>\n\t\t\t\t<div role=\"region\" aria-labelledby=\"e-n-accordion-item-4544\" class=\"elementor-element elementor-element-ca094f8 e-con-full e-flex e-con e-child\" data-id=\"ca094f8\" data-element_type=\"container\">\n\t\t\t\t<div class=\"elementor-element elementor-element-233a8c8 elementor-position-left elementor-position-left elementor-vertical-align-top elementor-vertical-align-top elementor-widget elementor-widget-image-box\" data-id=\"233a8c8\" data-element_type=\"widget\" data-widget_type=\"image-box.default\">\n\t\t\t\t<div class=\"elementor-widget-container\">\n\t\t\t\t\t<div class=\"elementor-image-box-wrapper\"><figure class=\"elementor-image-box-img\"><img loading=\"lazy\" decoding=\"async\" width=\"1024\" height=\"1024\" src=\"https:\/\/alzbetazetzmann.com\/wp-content\/uploads\/2026\/03\/trauma-related-concerns.jpeg\" class=\"attachment-full size-full wp-image-1872\" alt=\"Traumabezogene Anliegen\" srcset=\"https:\/\/alzbetazetzmann.com\/wp-content\/uploads\/2026\/03\/trauma-related-concerns.jpeg 1024w, https:\/\/alzbetazetzmann.com\/wp-content\/uploads\/2026\/03\/trauma-related-concerns-300x300.jpeg 300w, https:\/\/alzbetazetzmann.com\/wp-content\/uploads\/2026\/03\/trauma-related-concerns-150x150.jpeg 150w, https:\/\/alzbetazetzmann.com\/wp-content\/uploads\/2026\/03\/trauma-related-concerns-768x768.jpeg 768w\" sizes=\"(max-width: 1024px) 100vw, 1024px\" \/><\/figure><div class=\"elementor-image-box-content\"><p class=\"elementor-image-box-description\">Nach \u00fcberw\u00e4ltigenden Erfahrungen kann das Nervensystem in einem Zustand der Alarmbereitschaft, des Herunterfahrens oder der Abkopplung verbleiben. Ich arbeite traumainformiert, sorgf\u00e4ltig dosiert und mit Fokus auf Sicherheit, Stabilisierung und St\u00e4rkung Ihrer inneren Ressourcen. <\/p><\/div><\/div>\t\t\t\t<\/div>\n\t\t\t\t<\/div>\n\t\t\t\t<\/div>\n\t\t\t\t\t<\/details>\n\t\t\t\t\t<\/div>\n\t\t\t\t\t\t<\/div>\n\t\t\t\t<\/div>\n\t\t\t\t<div class=\"elementor-element elementor-element-ab641ac elementor-widget elementor-widget-n-accordion\" data-id=\"ab641ac\" data-element_type=\"widget\" data-settings=\"{&quot;default_state&quot;:&quot;all_collapsed&quot;,&quot;max_items_expended&quot;:&quot;one&quot;,&quot;n_accordion_animation_duration&quot;:{&quot;unit&quot;:&quot;ms&quot;,&quot;size&quot;:400,&quot;sizes&quot;:[]}}\" data-widget_type=\"nested-accordion.default\">\n\t\t\t\t<div class=\"elementor-widget-container\">\n\t\t\t\t\t\t\t<div class=\"e-n-accordion\" aria-label=\"Accordion. Open links with Enter or Space, close with Escape, and navigate with Arrow Keys\">\n\t\t\t\t\t\t<details id=\"e-n-accordion-item-1790\" class=\"e-n-accordion-item\" >\n\t\t\t\t<summary class=\"e-n-accordion-item-title\" data-accordion-index=\"1\" tabindex=\"0\" aria-expanded=\"false\" aria-controls=\"e-n-accordion-item-1790\" >\n\t\t\t\t\t<span class='e-n-accordion-item-title-header'><h3 class=\"e-n-accordion-item-title-text\"> PTBS-bezogene Symptome <\/h3><\/span>\n\t\t\t\t\t\t\t<span class='e-n-accordion-item-title-icon'>\n\t\t\t<span class='e-opened' ><i aria-hidden=\"true\" class=\"fas fa-chevron-up\"><\/i><\/span>\n\t\t\t<span class='e-closed'><i aria-hidden=\"true\" class=\"fas fa-chevron-down\"><\/i><\/span>\n\t\t<\/span>\n\n\t\t\t\t\t\t<\/summary>\n\t\t\t\t<div role=\"region\" aria-labelledby=\"e-n-accordion-item-1790\" class=\"elementor-element elementor-element-b9be139 e-con-full e-flex e-con e-child\" data-id=\"b9be139\" data-element_type=\"container\">\n\t\t\t\t<div class=\"elementor-element elementor-element-3805061 elementor-position-left elementor-position-left elementor-vertical-align-top elementor-vertical-align-top elementor-widget elementor-widget-image-box\" data-id=\"3805061\" data-element_type=\"widget\" data-widget_type=\"image-box.default\">\n\t\t\t\t<div class=\"elementor-widget-container\">\n\t\t\t\t\t<div class=\"elementor-image-box-wrapper\"><figure class=\"elementor-image-box-img\"><img loading=\"lazy\" decoding=\"async\" width=\"1024\" height=\"1024\" src=\"https:\/\/alzbetazetzmann.com\/wp-content\/uploads\/2026\/03\/PTSD-related-symptoms.jpg\" class=\"attachment-full size-full wp-image-1873\" alt=\"PTBS-bezogene Symptome\" srcset=\"https:\/\/alzbetazetzmann.com\/wp-content\/uploads\/2026\/03\/PTSD-related-symptoms.jpg 1024w, https:\/\/alzbetazetzmann.com\/wp-content\/uploads\/2026\/03\/PTSD-related-symptoms-300x300.jpg 300w, https:\/\/alzbetazetzmann.com\/wp-content\/uploads\/2026\/03\/PTSD-related-symptoms-150x150.jpg 150w, https:\/\/alzbetazetzmann.com\/wp-content\/uploads\/2026\/03\/PTSD-related-symptoms-768x768.jpg 768w\" sizes=\"(max-width: 1024px) 100vw, 1024px\" \/><\/figure><div class=\"elementor-image-box-content\"><p class=\"elementor-image-box-description\">Aufdringliche Erinnerungen, Albtr\u00e4ume, Vermeidung oder pl\u00f6tzliche emotionale Reaktionen k\u00f6nnen Anzeichen daf\u00fcr sein, dass K\u00f6rper und Geist noch versuchen zu verarbeiten, was geschehen ist. Wir gehen dies behutsam an, bauen Stabilit\u00e4t und Klarheit auf und unterst\u00fctzen Ihre F\u00e4higkeit, sich in der Gegenwart sicher zu f\u00fchlen. <\/p><\/div><\/div>\t\t\t\t<\/div>\n\t\t\t\t<\/div>\n\t\t\t\t<\/div>\n\t\t\t\t\t<\/details>\n\t\t\t\t\t\t<details id=\"e-n-accordion-item-1791\" class=\"e-n-accordion-item\" >\n\t\t\t\t<summary class=\"e-n-accordion-item-title\" data-accordion-index=\"2\" tabindex=\"-1\" aria-expanded=\"false\" aria-controls=\"e-n-accordion-item-1791\" >\n\t\t\t\t\t<span class='e-n-accordion-item-title-header'><h3 class=\"e-n-accordion-item-title-text\"> Trauer &amp; Verlust <\/h3><\/span>\n\t\t\t\t\t\t\t<span class='e-n-accordion-item-title-icon'>\n\t\t\t<span class='e-opened' ><i aria-hidden=\"true\" class=\"fas fa-chevron-up\"><\/i><\/span>\n\t\t\t<span class='e-closed'><i aria-hidden=\"true\" class=\"fas fa-chevron-down\"><\/i><\/span>\n\t\t<\/span>\n\n\t\t\t\t\t\t<\/summary>\n\t\t\t\t<div role=\"region\" aria-labelledby=\"e-n-accordion-item-1791\" class=\"elementor-element elementor-element-b81b1ff e-con-full e-flex e-con e-child\" data-id=\"b81b1ff\" data-element_type=\"container\">\n\t\t\t\t<div class=\"elementor-element elementor-element-4f536fe elementor-position-left elementor-position-left elementor-vertical-align-top elementor-vertical-align-top elementor-widget elementor-widget-image-box\" data-id=\"4f536fe\" data-element_type=\"widget\" data-widget_type=\"image-box.default\">\n\t\t\t\t<div class=\"elementor-widget-container\">\n\t\t\t\t\t<div class=\"elementor-image-box-wrapper\"><figure class=\"elementor-image-box-img\"><img loading=\"lazy\" decoding=\"async\" width=\"1024\" height=\"1024\" src=\"https:\/\/alzbetazetzmann.com\/wp-content\/uploads\/2026\/03\/grief-and-loss.jpg\" class=\"attachment-full size-full wp-image-1866\" alt=\"Trauer und Verlust\" srcset=\"https:\/\/alzbetazetzmann.com\/wp-content\/uploads\/2026\/03\/grief-and-loss.jpg 1024w, https:\/\/alzbetazetzmann.com\/wp-content\/uploads\/2026\/03\/grief-and-loss-300x300.jpg 300w, https:\/\/alzbetazetzmann.com\/wp-content\/uploads\/2026\/03\/grief-and-loss-150x150.jpg 150w, https:\/\/alzbetazetzmann.com\/wp-content\/uploads\/2026\/03\/grief-and-loss-768x768.jpg 768w\" sizes=\"(max-width: 1024px) 100vw, 1024px\" \/><\/figure><div class=\"elementor-image-box-content\"><p class=\"elementor-image-box-description\">Verlust kann Wellen von Traurigkeit, Wut, Schuld, Taubheit oder das Gef\u00fchl mit sich bringen, dass sich das Leben unwiderruflich ver\u00e4ndert hat. Ich biete einen mitf\u00fchlenden Raum, um Ihre Erfahrung zu w\u00fcrdigen und Wege zu finden, mit dem Verlust im Laufe der Zeit zu leben. <\/p><\/div><\/div>\t\t\t\t<\/div>\n\t\t\t\t<\/div>\n\t\t\t\t<\/div>\n\t\t\t\t\t<\/details>\n\t\t\t\t\t\t<details id=\"e-n-accordion-item-1792\" class=\"e-n-accordion-item\" >\n\t\t\t\t<summary class=\"e-n-accordion-item-title\" data-accordion-index=\"3\" tabindex=\"-1\" aria-expanded=\"false\" aria-controls=\"e-n-accordion-item-1792\" >\n\t\t\t\t\t<span class='e-n-accordion-item-title-header'><h3 class=\"e-n-accordion-item-title-text\"> Einsamkeit  <\/h3><\/span>\n\t\t\t\t\t\t\t<span class='e-n-accordion-item-title-icon'>\n\t\t\t<span class='e-opened' ><i aria-hidden=\"true\" class=\"fas fa-chevron-up\"><\/i><\/span>\n\t\t\t<span class='e-closed'><i aria-hidden=\"true\" class=\"fas fa-chevron-down\"><\/i><\/span>\n\t\t<\/span>\n\n\t\t\t\t\t\t<\/summary>\n\t\t\t\t<div role=\"region\" aria-labelledby=\"e-n-accordion-item-1792\" class=\"elementor-element elementor-element-0329249 e-con-full e-flex e-con e-child\" data-id=\"0329249\" data-element_type=\"container\">\n\t\t\t\t<div class=\"elementor-element elementor-element-cf6f57f elementor-position-left elementor-position-left elementor-vertical-align-top elementor-vertical-align-top elementor-widget elementor-widget-image-box\" data-id=\"cf6f57f\" data-element_type=\"widget\" data-widget_type=\"image-box.default\">\n\t\t\t\t<div class=\"elementor-widget-container\">\n\t\t\t\t\t<div class=\"elementor-image-box-wrapper\"><figure class=\"elementor-image-box-img\"><img loading=\"lazy\" decoding=\"async\" width=\"1024\" height=\"1024\" src=\"https:\/\/alzbetazetzmann.com\/wp-content\/uploads\/2026\/03\/loneliness.jpg\" class=\"attachment-full size-full wp-image-1874\" alt=\"Einsamkeit\" srcset=\"https:\/\/alzbetazetzmann.com\/wp-content\/uploads\/2026\/03\/loneliness.jpg 1024w, https:\/\/alzbetazetzmann.com\/wp-content\/uploads\/2026\/03\/loneliness-300x300.jpg 300w, https:\/\/alzbetazetzmann.com\/wp-content\/uploads\/2026\/03\/loneliness-150x150.jpg 150w, https:\/\/alzbetazetzmann.com\/wp-content\/uploads\/2026\/03\/loneliness-768x768.jpg 768w\" sizes=\"(max-width: 1024px) 100vw, 1024px\" \/><\/figure><div class=\"elementor-image-box-content\"><p class=\"elementor-image-box-description\">Einsamkeit kann selbst dann auftreten, wenn Sie von Menschen umgeben sind, insbesondere w\u00e4hrend gro\u00dfer Lebensver\u00e4nderungen. Gemeinsam erforschen wir die emotionalen Schichten darunter und unterst\u00fctzen Verbindung \u2013 zu sich selbst und zu anderen \u2013 auf eine Weise, die sich authentisch anf\u00fchlt. <\/p><\/div><\/div>\t\t\t\t<\/div>\n\t\t\t\t<\/div>\n\t\t\t\t<\/div>\n\t\t\t\t\t<\/details>\n\t\t\t\t\t\t<details id=\"e-n-accordion-item-1793\" class=\"e-n-accordion-item\" >\n\t\t\t\t<summary class=\"e-n-accordion-item-title\" data-accordion-index=\"4\" tabindex=\"-1\" aria-expanded=\"false\" aria-controls=\"e-n-accordion-item-1793\" >\n\t\t\t\t\t<span class='e-n-accordion-item-title-header'><h3 class=\"e-n-accordion-item-title-text\"> Substanzgebrauch &amp; s\u00fcchtiges Verhalten <\/h3><\/span>\n\t\t\t\t\t\t\t<span class='e-n-accordion-item-title-icon'>\n\t\t\t<span class='e-opened' ><i aria-hidden=\"true\" class=\"fas fa-chevron-up\"><\/i><\/span>\n\t\t\t<span class='e-closed'><i aria-hidden=\"true\" class=\"fas fa-chevron-down\"><\/i><\/span>\n\t\t<\/span>\n\n\t\t\t\t\t\t<\/summary>\n\t\t\t\t<div role=\"region\" aria-labelledby=\"e-n-accordion-item-1793\" class=\"elementor-element elementor-element-9c5c229 e-con-full e-flex e-con e-child\" data-id=\"9c5c229\" data-element_type=\"container\">\n\t\t\t\t<div class=\"elementor-element elementor-element-fa2c7f8 elementor-position-left elementor-position-left elementor-vertical-align-top elementor-vertical-align-top elementor-widget elementor-widget-image-box\" data-id=\"fa2c7f8\" data-element_type=\"widget\" data-widget_type=\"image-box.default\">\n\t\t\t\t<div class=\"elementor-widget-container\">\n\t\t\t\t\t<div class=\"elementor-image-box-wrapper\"><figure class=\"elementor-image-box-img\"><img loading=\"lazy\" decoding=\"async\" width=\"1024\" height=\"1024\" src=\"https:\/\/alzbetazetzmann.com\/wp-content\/uploads\/2026\/03\/stress-and-burnout.jpg\" class=\"attachment-full size-full wp-image-1869\" alt=\"Stress und Burnout\" srcset=\"https:\/\/alzbetazetzmann.com\/wp-content\/uploads\/2026\/03\/stress-and-burnout.jpg 1024w, https:\/\/alzbetazetzmann.com\/wp-content\/uploads\/2026\/03\/stress-and-burnout-300x300.jpg 300w, https:\/\/alzbetazetzmann.com\/wp-content\/uploads\/2026\/03\/stress-and-burnout-150x150.jpg 150w, https:\/\/alzbetazetzmann.com\/wp-content\/uploads\/2026\/03\/stress-and-burnout-768x768.jpg 768w\" sizes=\"(max-width: 1024px) 100vw, 1024px\" \/><\/figure><div class=\"elementor-image-box-content\"><p class=\"elementor-image-box-description\">Wenn Substanzen oder Verhaltensweisen zu einer Art werden, mit Stress, Schmerz oder Leere umzugehen, kann es sich schwierig anf\u00fchlen, aus dem Kreislauf auszusteigen. Wir betrachten Ausl\u00f6ser und zugrunde liegende Bed\u00fcrfnisse und entwickeln alternative Strategien, die das psychische Wohlbefinden unterst\u00fctzen. <\/p><\/div><\/div>\t\t\t\t<\/div>\n\t\t\t\t<\/div>\n\t\t\t\t<\/div>\n\t\t\t\t\t<\/details>\n\t\t\t\t\t\t<details id=\"e-n-accordion-item-1794\" class=\"e-n-accordion-item\" >\n\t\t\t\t<summary class=\"e-n-accordion-item-title\" data-accordion-index=\"5\" tabindex=\"-1\" aria-expanded=\"false\" aria-controls=\"e-n-accordion-item-1794\" >\n\t\t\t\t\t<span class='e-n-accordion-item-title-header'><h3 class=\"e-n-accordion-item-title-text\"> Umzug &amp; Expat-Anpassung  <\/h3><\/span>\n\t\t\t\t\t\t\t<span class='e-n-accordion-item-title-icon'>\n\t\t\t<span class='e-opened' ><i aria-hidden=\"true\" class=\"fas fa-chevron-up\"><\/i><\/span>\n\t\t\t<span class='e-closed'><i aria-hidden=\"true\" class=\"fas fa-chevron-down\"><\/i><\/span>\n\t\t<\/span>\n\n\t\t\t\t\t\t<\/summary>\n\t\t\t\t<div role=\"region\" aria-labelledby=\"e-n-accordion-item-1794\" class=\"elementor-element elementor-element-6a82219 e-con-full e-flex e-con e-child\" data-id=\"6a82219\" data-element_type=\"container\">\n\t\t\t\t<div class=\"elementor-element elementor-element-2753e4b elementor-position-left elementor-position-left elementor-vertical-align-top elementor-vertical-align-top elementor-widget elementor-widget-image-box\" data-id=\"2753e4b\" data-element_type=\"widget\" data-widget_type=\"image-box.default\">\n\t\t\t\t<div class=\"elementor-widget-container\">\n\t\t\t\t\t<div class=\"elementor-image-box-wrapper\"><figure class=\"elementor-image-box-img\"><img loading=\"lazy\" decoding=\"async\" width=\"1024\" height=\"1024\" src=\"https:\/\/alzbetazetzmann.com\/wp-content\/uploads\/2026\/03\/relocation-expat-adjustment.jpg\" class=\"attachment-full size-full wp-image-1875\" alt=\"Umzug Expat-Anpassung\" srcset=\"https:\/\/alzbetazetzmann.com\/wp-content\/uploads\/2026\/03\/relocation-expat-adjustment.jpg 1024w, https:\/\/alzbetazetzmann.com\/wp-content\/uploads\/2026\/03\/relocation-expat-adjustment-300x300.jpg 300w, https:\/\/alzbetazetzmann.com\/wp-content\/uploads\/2026\/03\/relocation-expat-adjustment-150x150.jpg 150w, https:\/\/alzbetazetzmann.com\/wp-content\/uploads\/2026\/03\/relocation-expat-adjustment-768x768.jpg 768w\" sizes=\"(max-width: 1024px) 100vw, 1024px\" \/><\/figure><div class=\"elementor-image-box-content\"><p class=\"elementor-image-box-description\">F\u00fcr viele Menschen bringt das Leben im Ausland Kulturschock, Isolation und Identit\u00e4tsverschiebungen mit sich \u2013 insbesondere w\u00e4hrend gro\u00dfer Lebens\u00fcberg\u00e4nge. Der Umzug nach Basel oder anderswo in die Schweiz kann auch Druck mit sich bringen, sich anzupassen, zu funktionieren und Stabilit\u00e4t in einer neuen Umgebung zu finden. Ich unterst\u00fctze Sie dabei, diesen \u00dcbergang zu verstehen, Resilienz zu st\u00e4rken und festeren Boden in Ihrem neuen Leben zu finden.  <\/p><\/div><\/div>\t\t\t\t<\/div>\n\t\t\t\t<\/div>\n\t\t\t\t<\/div>\n\t\t\t\t\t<\/details>\n\t\t\t\t\t<\/div>\n\t\t\t\t\t\t<\/div>\n\t\t\t\t<\/div>\n\t\t\t\t<\/div>\n\t\t\t\t<\/div>\n\t\t\t\t\t<\/div>\n\t\t\t\t<\/div>\n\t\t<div class=\"elementor-element elementor-element-230e973 e-flex e-con-boxed e-con e-parent\" data-id=\"230e973\" data-element_type=\"container\">\n\t\t\t\t\t<div class=\"e-con-inner\">\n\t\t\t\t<div class=\"elementor-element elementor-element-1f733b4 e-transform elementor-widget elementor-widget-menu-anchor\" data-id=\"1f733b4\" data-element_type=\"widget\" data-settings=\"{&quot;_transform_translateY_effect&quot;:{&quot;unit&quot;:&quot;px&quot;,&quot;size&quot;:-100,&quot;sizes&quot;:[]},&quot;_transform_translateX_effect&quot;:{&quot;unit&quot;:&quot;px&quot;,&quot;size&quot;:&quot;&quot;,&quot;sizes&quot;:[]},&quot;_transform_translateX_effect_tablet&quot;:{&quot;unit&quot;:&quot;px&quot;,&quot;size&quot;:&quot;&quot;,&quot;sizes&quot;:[]},&quot;_transform_translateX_effect_mobile&quot;:{&quot;unit&quot;:&quot;px&quot;,&quot;size&quot;:&quot;&quot;,&quot;sizes&quot;:[]},&quot;_transform_translateY_effect_tablet&quot;:{&quot;unit&quot;:&quot;px&quot;,&quot;size&quot;:&quot;&quot;,&quot;sizes&quot;:[]},&quot;_transform_translateY_effect_mobile&quot;:{&quot;unit&quot;:&quot;px&quot;,&quot;size&quot;:&quot;&quot;,&quot;sizes&quot;:[]}}\" data-widget_type=\"menu-anchor.default\">\n\t\t\t\t<div class=\"elementor-widget-container\">\n\t\t\t\t\t\t\t<div class=\"elementor-menu-anchor\" id=\"informacie\"><\/div>\n\t\t\t\t\t\t<\/div>\n\t\t\t\t<\/div>\n\t\t\t\t<div class=\"elementor-element elementor-element-24b3a15 elementor-widget elementor-widget-heading\" data-id=\"24b3a15\" data-element_type=\"widget\" data-widget_type=\"heading.default\">\n\t\t\t\t<div class=\"elementor-widget-container\">\n\t\t\t\t\t<h2 class=\"elementor-heading-title elementor-size-default\">Wie laufen die Sitzungen ab?<\/h2>\t\t\t\t<\/div>\n\t\t\t\t<\/div>\n\t\t\t\t<div class=\"elementor-element elementor-element-50f58a9 elementor-widget elementor-widget-text-editor\" data-id=\"50f58a9\" data-element_type=\"widget\" data-widget_type=\"text-editor.default\">\n\t\t\t\t<div class=\"elementor-widget-container\">\n\t\t\t\t\t\t\t\t\t<p>In unserer ersten Sitzung besprechen wir Ihre Gr\u00fcnde, Unterst\u00fctzung zu suchen, und Ihre aktuellen Bed\u00fcrfnisse. Unabh\u00e4ngig davon, ob Sie Englisch oder Slowakisch bevorzugen und ob Sie in Basel leben oder online teilnehmen, betrachten wir Ihre Situation im Zusammenhang und identifizieren die wichtigsten Bereiche, auf die wir uns in unserer gemeinsamen Arbeit konzentrieren werden. <\/p><p>Die n\u00e4chsten 2\u20133 Sitzungen dienen als Probephase, um zu pr\u00fcfen, ob unsere Zusammenarbeit f\u00fcr Sie passt und sinnvoll ist. Gleichzeitig kl\u00e4ren wir die Rahmenbedingungen der Zusammenarbeit und legen die H\u00e4ufigkeit der Treffen fest. <\/p><p>Nach dieser Einstiegsphase und Reflexion einigen wir uns bei einer Fortsetzung auf einen gemeinsamen Vertrag.<\/p>\t\t\t\t\t\t\t\t<\/div>\n\t\t\t\t<\/div>\n\t\t\t\t\t<\/div>\n\t\t\t\t<\/div>\n\t\t<div class=\"elementor-element elementor-element-b6e538d e-flex e-con-boxed e-con e-parent\" data-id=\"b6e538d\" data-element_type=\"container\">\n\t\t\t\t\t<div class=\"e-con-inner\">\n\t\t\t\t<div class=\"elementor-element elementor-element-16e0585 elementor-widget elementor-widget-heading\" data-id=\"16e0585\" data-element_type=\"widget\" data-widget_type=\"heading.default\">\n\t\t\t\t<div class=\"elementor-widget-container\">\n\t\t\t\t\t<h2 class=\"elementor-heading-title elementor-size-default\">Was ich nicht anbiete<\/h2>\t\t\t\t<\/div>\n\t\t\t\t<\/div>\n\t\t\t\t<div class=\"elementor-element elementor-element-e71e388 elementor-widget elementor-widget-text-editor\" data-id=\"e71e388\" data-element_type=\"widget\" data-widget_type=\"text-editor.default\">\n\t\t\t\t<div class=\"elementor-widget-container\">\n\t\t\t\t\t\t\t\t\t<p>Bitte beachten Sie, dass ich keine medizinischen Leistungen anbiete.<\/p><p>In akuten Krisen wenden Sie sich vertrauensvoll an die Notrufnummer 112 oder an eine Notfallstelle in Ihrer N\u00e4he. Spezifische Dienste, je nach dem Land, in dem Sie sich befinden, und an die Sie sich im Notfall wenden k\u00f6nnen, finden Sie <a href=\"https:\/\/findahelpline.com\/i\/iasp\">hier<\/a>. <\/p>\t\t\t\t\t\t\t\t<\/div>\n\t\t\t\t<\/div>\n\t\t\t\t\t<\/div>\n\t\t\t\t<\/div>\n\t\t<div class=\"elementor-element elementor-element-f91eb01 e-flex e-con-boxed e-con e-parent\" data-id=\"f91eb01\" data-element_type=\"container\" data-settings=\"{&quot;background_background&quot;:&quot;classic&quot;}\">\n\t\t\t\t\t<div class=\"e-con-inner\">\n\t\t\t\t<div class=\"elementor-element elementor-element-c2c8040 e-transform elementor-widget elementor-widget-menu-anchor\" data-id=\"c2c8040\" data-element_type=\"widget\" data-settings=\"{&quot;_transform_translateY_effect&quot;:{&quot;unit&quot;:&quot;px&quot;,&quot;size&quot;:-100,&quot;sizes&quot;:[]},&quot;_transform_translateX_effect&quot;:{&quot;unit&quot;:&quot;px&quot;,&quot;size&quot;:&quot;&quot;,&quot;sizes&quot;:[]},&quot;_transform_translateX_effect_tablet&quot;:{&quot;unit&quot;:&quot;px&quot;,&quot;size&quot;:&quot;&quot;,&quot;sizes&quot;:[]},&quot;_transform_translateX_effect_mobile&quot;:{&quot;unit&quot;:&quot;px&quot;,&quot;size&quot;:&quot;&quot;,&quot;sizes&quot;:[]},&quot;_transform_translateY_effect_tablet&quot;:{&quot;unit&quot;:&quot;px&quot;,&quot;size&quot;:&quot;&quot;,&quot;sizes&quot;:[]},&quot;_transform_translateY_effect_mobile&quot;:{&quot;unit&quot;:&quot;px&quot;,&quot;size&quot;:&quot;&quot;,&quot;sizes&quot;:[]}}\" data-widget_type=\"menu-anchor.default\">\n\t\t\t\t<div class=\"elementor-widget-container\">\n\t\t\t\t\t\t\t<div class=\"elementor-menu-anchor\" id=\"cena\"><\/div>\n\t\t\t\t\t\t<\/div>\n\t\t\t\t<\/div>\n\t\t\t\t<div class=\"elementor-element elementor-element-67f3752 elementor-widget elementor-widget-heading\" data-id=\"67f3752\" data-element_type=\"widget\" data-widget_type=\"heading.default\">\n\t\t\t\t<div class=\"elementor-widget-container\">\n\t\t\t\t\t<h2 class=\"elementor-heading-title elementor-size-default\">Praktische Informationen<\/h2>\t\t\t\t<\/div>\n\t\t\t\t<\/div>\n\t\t<div class=\"elementor-element elementor-element-c3d3c39 e-grid e-con-full e-con e-child\" data-id=\"c3d3c39\" data-element_type=\"container\">\n\t\t<div class=\"elementor-element elementor-element-84bc358 e-con-full e-flex e-con e-child\" data-id=\"84bc358\" data-element_type=\"container\">\n\t\t\t\t<div class=\"elementor-element elementor-element-80c7fd7 elementor-widget elementor-widget-heading\" data-id=\"80c7fd7\" data-element_type=\"widget\" data-widget_type=\"heading.default\">\n\t\t\t\t<div class=\"elementor-widget-container\">\n\t\t\t\t\t<h3 class=\"elementor-heading-title elementor-size-default\">Format<\/h3>\t\t\t\t<\/div>\n\t\t\t\t<\/div>\n\t\t\t\t<div class=\"elementor-element elementor-element-22773e3 elementor-widget elementor-widget-text-editor\" data-id=\"22773e3\" data-element_type=\"widget\" data-widget_type=\"text-editor.default\">\n\t\t\t\t<div class=\"elementor-widget-container\">\n\t\t\t\t\t\t\t\t\t<p>Sitzungen sind online sowie pers\u00f6nlich an folgender Adresse m\u00f6glich: Heuberg 16, 4051 Basel.<\/p>\t\t\t\t\t\t\t\t<\/div>\n\t\t\t\t<\/div>\n\t\t\t\t<\/div>\n\t\t<div class=\"elementor-element elementor-element-29383e6 e-con-full e-flex e-con e-child\" data-id=\"29383e6\" data-element_type=\"container\">\n\t\t\t\t<div class=\"elementor-element elementor-element-6bcf5a6 elementor-widget elementor-widget-heading\" data-id=\"6bcf5a6\" data-element_type=\"widget\" data-widget_type=\"heading.default\">\n\t\t\t\t<div class=\"elementor-widget-container\">\n\t\t\t\t\t<h3 class=\"elementor-heading-title elementor-size-default\">Dauer der Sitzung<\/h3>\t\t\t\t<\/div>\n\t\t\t\t<\/div>\n\t\t\t\t<div class=\"elementor-element elementor-element-4ec96ae elementor-widget elementor-widget-text-editor\" data-id=\"4ec96ae\" data-element_type=\"widget\" data-widget_type=\"text-editor.default\">\n\t\t\t\t<div class=\"elementor-widget-container\">\n\t\t\t\t\t\t\t\t\t<p>Eine Sitzung dauert 50 Minuten.<\/p>\t\t\t\t\t\t\t\t<\/div>\n\t\t\t\t<\/div>\n\t\t\t\t<\/div>\n\t\t<div class=\"elementor-element elementor-element-31640a1 e-con-full e-flex e-con e-child\" data-id=\"31640a1\" data-element_type=\"container\">\n\t\t\t\t<div class=\"elementor-element elementor-element-e275274 elementor-widget elementor-widget-heading\" data-id=\"e275274\" data-element_type=\"widget\" data-widget_type=\"heading.default\">\n\t\t\t\t<div class=\"elementor-widget-container\">\n\t\t\t\t\t<h3 class=\"elementor-heading-title elementor-size-default\">Bezahlung<\/h3>\t\t\t\t<\/div>\n\t\t\t\t<\/div>\n\t\t\t\t<div class=\"elementor-element elementor-element-f391678 elementor-widget elementor-widget-text-editor\" data-id=\"f391678\" data-element_type=\"widget\" data-widget_type=\"text-editor.default\">\n\t\t\t\t<div class=\"elementor-widget-container\">\n\t\t\t\t\t\t\t\t\t<p>Die Bezahlung der ersten Sitzung erfolgt im Voraus.<\/p>\t\t\t\t\t\t\t\t<\/div>\n\t\t\t\t<\/div>\n\t\t\t\t<\/div>\n\t\t<div class=\"elementor-element elementor-element-5aa6bc8 e-con-full e-flex e-con e-child\" data-id=\"5aa6bc8\" data-element_type=\"container\">\n\t\t\t\t<div class=\"elementor-element elementor-element-dd79c60 elementor-widget elementor-widget-heading\" data-id=\"dd79c60\" data-element_type=\"widget\" data-widget_type=\"heading.default\">\n\t\t\t\t<div class=\"elementor-widget-container\">\n\t\t\t\t\t<h3 class=\"elementor-heading-title elementor-size-default\">Stornierungsbedingungen<\/h3>\t\t\t\t<\/div>\n\t\t\t\t<\/div>\n\t\t\t\t<div class=\"elementor-element elementor-element-6df879d elementor-widget elementor-widget-text-editor\" data-id=\"6df879d\" data-element_type=\"widget\" data-widget_type=\"text-editor.default\">\n\t\t\t\t<div class=\"elementor-widget-container\">\n\t\t\t\t\t\t\t\t\t<p>Falls Sie einen Termin absagen m\u00fcssen, bitten wir Sie, dies mindestens 24 Stunden im Voraus zu tun, um die Berechnung der vollen Sitzungsgeb\u00fchr zu vermeiden.<\/p>\t\t\t\t\t\t\t\t<\/div>\n\t\t\t\t<\/div>\n\t\t\t\t<\/div>\n\t\t<div class=\"elementor-element elementor-element-b49bc9e e-con-full e-flex e-con e-child\" data-id=\"b49bc9e\" data-element_type=\"container\">\n\t\t\t\t<div class=\"elementor-element elementor-element-a7412f7 elementor-widget elementor-widget-heading\" data-id=\"a7412f7\" data-element_type=\"widget\" data-widget_type=\"heading.default\">\n\t\t\t\t<div class=\"elementor-widget-container\">\n\t\t\t\t\t<h3 class=\"elementor-heading-title elementor-size-default\">Sprachen<\/h3>\t\t\t\t<\/div>\n\t\t\t\t<\/div>\n\t\t\t\t<div class=\"elementor-element elementor-element-33c1b78 elementor-widget elementor-widget-text-editor\" data-id=\"33c1b78\" data-element_type=\"widget\" data-widget_type=\"text-editor.default\">\n\t\t\t\t<div class=\"elementor-widget-container\">\n\t\t\t\t\t\t\t\t\t<p>Sitzungen sind auf Englisch, Slowakisch und Tschechisch m\u00f6glich.<\/p>\t\t\t\t\t\t\t\t<\/div>\n\t\t\t\t<\/div>\n\t\t\t\t<\/div>\n\t\t\t\t<\/div>\n\t\t\t\t\t<\/div>\n\t\t\t\t<\/div>\n\t\t<div class=\"elementor-element elementor-element-e33dc4c e-flex e-con-boxed e-con e-parent\" data-id=\"e33dc4c\" data-element_type=\"container\" data-settings=\"{&quot;background_background&quot;:&quot;classic&quot;}\">\n\t\t\t\t\t<div class=\"e-con-inner\">\n\t\t\t\t<div class=\"elementor-element elementor-element-100f51b elementor-widget elementor-widget-heading\" data-id=\"100f51b\" data-element_type=\"widget\" data-widget_type=\"heading.default\">\n\t\t\t\t<div class=\"elementor-widget-container\">\n\t\t\t\t\t<h2 class=\"elementor-heading-title elementor-size-default\">Den n\u00e4chsten Schritt machen\n<\/h2>\t\t\t\t<\/div>\n\t\t\t\t<\/div>\n\t\t\t\t<div class=\"elementor-element elementor-element-d2db319 elementor-widget elementor-widget-text-editor\" data-id=\"d2db319\" data-element_type=\"widget\" data-widget_type=\"text-editor.default\">\n\t\t\t\t<div class=\"elementor-widget-container\">\n\t\t\t\t\t\t\t\t\t<p>Den ersten Schritt zu machen, kann sich gro\u00df anf\u00fchlen. Wenn Sie unsicher sind, ob dieses Angebot f\u00fcr Sie passend ist, k\u00f6nnen Sie sich gerne melden und nachfragen. Gemeinsam k\u00f6nnen wir Ihre Situation betrachten und herausfinden, ob eine Zusammenarbeit f\u00fcr Sie stimmig w\u00e4re.  <\/p>\t\t\t\t\t\t\t\t<\/div>\n\t\t\t\t<\/div>\n\t\t\t\t<div class=\"elementor-element elementor-element-225b828 elementor-mobile-align-center elementor-align-center elementor-widget elementor-widget-button\" data-id=\"225b828\" data-element_type=\"widget\" data-widget_type=\"button.default\">\n\t\t\t\t<div class=\"elementor-widget-container\">\n\t\t\t\t\t\t\t\t\t<div class=\"elementor-button-wrapper\">\n\t\t\t\t\t<a class=\"elementor-button elementor-button-link elementor-size-sm\" href=\"#kontakt\">\n\t\t\t\t\t\t<span class=\"elementor-button-content-wrapper\">\n\t\t\t\t\t\t\t\t\t<span class=\"elementor-button-text\">Kontaktieren Sie mich<\/span>\n\t\t\t\t\t<\/span>\n\t\t\t\t\t<\/a>\n\t\t\t\t<\/div>\n\t\t\t\t\t\t\t\t<\/div>\n\t\t\t\t<\/div>\n\t\t\t\t\t<\/div>\n\t\t\t\t<\/div>\n\t\t<div class=\"elementor-element elementor-element-09b6d8c e-flex e-con-boxed e-con e-parent\" data-id=\"09b6d8c\" data-element_type=\"container\">\n\t\t\t\t\t<div class=\"e-con-inner\">\n\t\t\t\t<div class=\"elementor-element elementor-element-d9d2a9b e-transform elementor-widget elementor-widget-menu-anchor\" data-id=\"d9d2a9b\" data-element_type=\"widget\" data-settings=\"{&quot;_transform_translateY_effect&quot;:{&quot;unit&quot;:&quot;px&quot;,&quot;size&quot;:-100,&quot;sizes&quot;:[]},&quot;_transform_translateX_effect&quot;:{&quot;unit&quot;:&quot;px&quot;,&quot;size&quot;:&quot;&quot;,&quot;sizes&quot;:[]},&quot;_transform_translateX_effect_tablet&quot;:{&quot;unit&quot;:&quot;px&quot;,&quot;size&quot;:&quot;&quot;,&quot;sizes&quot;:[]},&quot;_transform_translateX_effect_mobile&quot;:{&quot;unit&quot;:&quot;px&quot;,&quot;size&quot;:&quot;&quot;,&quot;sizes&quot;:[]},&quot;_transform_translateY_effect_tablet&quot;:{&quot;unit&quot;:&quot;px&quot;,&quot;size&quot;:&quot;&quot;,&quot;sizes&quot;:[]},&quot;_transform_translateY_effect_mobile&quot;:{&quot;unit&quot;:&quot;px&quot;,&quot;size&quot;:&quot;&quot;,&quot;sizes&quot;:[]}}\" data-widget_type=\"menu-anchor.default\">\n\t\t\t\t<div class=\"elementor-widget-container\">\n\t\t\t\t\t\t\t<div class=\"elementor-menu-anchor\" id=\"viacomne\"><\/div>\n\t\t\t\t\t\t<\/div>\n\t\t\t\t<\/div>\n\t\t\t\t<div class=\"elementor-element elementor-element-04c9169 elementor-widget elementor-widget-heading\" data-id=\"04c9169\" data-element_type=\"widget\" data-widget_type=\"heading.default\">\n\t\t\t\t<div class=\"elementor-widget-container\">\n\t\t\t\t\t<h2 class=\"elementor-heading-title elementor-size-default\">\u00dcber mich<\/h2>\t\t\t\t<\/div>\n\t\t\t\t<\/div>\n\t\t\t\t<div class=\"elementor-element elementor-element-f1a8d13 elementor-widget elementor-widget-text-editor\" data-id=\"f1a8d13\" data-element_type=\"widget\" data-widget_type=\"text-editor.default\">\n\t\t\t\t<div class=\"elementor-widget-container\">\n\t\t\t\t\t\t\t\t\t<p class=\"\" data-start=\"131\" data-end=\"788\"><strong data-start=\"131\" data-end=\"788\">In meiner Arbeit nutze ich die Prinzipien der Gestalttherapie, die den Klienten einl\u00e4dt, das Bewusstsein f\u00fcr die eigene Erfahrung schrittweise durch achtsame Beobachtung der Gegenwart zu erweitern. Auf diese Weise kann der Klient nicht nur die Quelle seines Schmerzes besser verstehen, sondern auch Zugang zur angeborenen Weisheit finden, die in jedem von uns steckt. Dieser Ansatz erm\u00f6glicht zudem einen Einblick in die Situation durch die Erfahrung des Selbst auf den Ebenen von K\u00f6rper, Geist und Emotionen. Dadurch erh\u00e4lt der Klient wertvolle Einsichten in den Kontext seiner Situation und st\u00e4rkt die Verbindung zu seinen inneren Ressourcen. Wichtig ist auch der Glaube an das kreative innere Potenzial des Menschen.   <\/strong><\/p><p data-start=\"131\" data-end=\"788\">Auch die emotionsfokussierte Therapie (EFT) hat mich durch ihren sanften, strukturierten Ansatz gepr\u00e4gt. Sie unterst\u00fctzt Menschen dabei, ihre emotionalen Erfahrungen in Beziehungen \u2013 sei es mit dem Partner, der Familie oder sich selbst \u2013 zu erforschen und zu verstehen. EFT hilft, belastende emotionale Muster zu erkennen und zu ver\u00e4ndern, f\u00f6rdert ein tieferes emotionales Bewusstsein und schafft einen sicheren Raum f\u00fcr Verletzlichkeit, um st\u00e4rkere Bindungen und Selbstmitgef\u00fchl zu entwickeln.   <\/p><p class=\"\" data-start=\"790\" data-end=\"1096\"><strong data-start=\"790\" data-end=\"1096\">Besondere Bedeutung messe ich dem Bewusstsein verschiedener Ebenen des Seins bei. Ver\u00e4nderte Bewusstseinszust\u00e4nde betrachte ich als Gelegenheit f\u00fcr eine tiefere und umfassendere Verbindung mit sich selbst und der Welt. Bei richtiger Integration k\u00f6nnen diese Erfahrungen zu einer wertvollen Quelle selbst\u00fcberschreitenden Erkenntnisses werden.  <\/strong><\/p>\t\t\t\t\t\t\t\t<\/div>\n\t\t\t\t<\/div>\n\t\t\t\t<div class=\"elementor-element elementor-element-9dbeab9 elementor-widget elementor-widget-heading\" data-id=\"9dbeab9\" data-element_type=\"widget\" data-widget_type=\"heading.default\">\n\t\t\t\t<div class=\"elementor-widget-container\">\n\t\t\t\t\t<h2 class=\"elementor-heading-title elementor-size-default\">Berufserfahrung<\/h2>\t\t\t\t<\/div>\n\t\t\t\t<\/div>\n\t\t\t\t<div class=\"elementor-element elementor-element-343ff98 elementor-widget elementor-widget-heading\" data-id=\"343ff98\" data-element_type=\"widget\" data-widget_type=\"heading.default\">\n\t\t\t\t<div class=\"elementor-widget-container\">\n\t\t\t\t\t<h2 class=\"elementor-heading-title elementor-size-default\">Ausbildung<\/h2>\t\t\t\t<\/div>\n\t\t\t\t<\/div>\n\t\t\t\t<div class=\"elementor-element elementor-element-6ff2fb6 elementor-widget elementor-widget-text-editor\" data-id=\"6ff2fb6\" data-element_type=\"widget\" data-widget_type=\"text-editor.default\">\n\t\t\t\t<div class=\"elementor-widget-container\">\n\t\t\t\t\t\t\t\t\t<p>W\u00e4hrend und nach meinem Studium der Fachrichtung Psychologie war ich in einem Konzern im Bereich Personalwesen t\u00e4tig. Anschlie\u00dfend arbeitete ich l\u00e4ngere Zeit mit Menschen mit Abh\u00e4ngigkeitserkrankungen in einem Resozialisierungszentrum in der Region Z\u00e1horie und sp\u00e4ter in einer spezialisierten psychiatrischen Klinik in Bratislava. Meine Erfahrungen erweiterte ich durch die individuelle Begleitung von Klienten; ich arbeitete in Ambulanzen f\u00fcr klinische Psychologie und Psychotherapie in Bratislava. Im Moment arbeite ich derzeit online als Psychologin f\u00fcr eine niederl\u00e4ndische Beratungsgesellschaft und betreue zudem eigene Klienten in meiner privaten Praxis.   <\/p>\t\t\t\t\t\t\t\t<\/div>\n\t\t\t\t<\/div>\n\t\t\t\t<div class=\"elementor-element elementor-element-c6910a3 elementor-widget elementor-widget-text-editor\" data-id=\"c6910a3\" data-element_type=\"widget\" data-widget_type=\"text-editor.default\">\n\t\t\t\t<div class=\"elementor-widget-container\">\n\t\t\t\t\t\t\t\t\t<p data-start=\"103\" data-end=\"213\"><strong>Aufbauende Traumatherapie<\/strong> <strong>Ausbildung EMDR, SIPE<\/strong>, Tren\u010d\u00edn, Slowakische Republik (2025-2026)<\/p><p data-start=\"103\" data-end=\"213\"><strong>Aufbauende psychotherapeutische Ausbildung \u201eEmotionsfokussierte Therapie\u201c (EFT)<\/strong>, ITZE, Olm\u00fctz, Tschechische Republik (2023\u20132025)<\/p><p data-start=\"215\" data-end=\"332\"><strong data-start=\"215\" data-end=\"293\">Integration psychedelischer Erfahrungen (Training f\u00fcr helfende Fachkr\u00e4fte)<\/strong>, Iceers, Barcelona, Spanien (2023\u20132024)<\/p><p data-start=\"334\" data-end=\"464\"><strong data-start=\"334\" data-end=\"419\">Langfristige, umfassende psychotherapeutische Ausbildung Integrative Gestalt<\/strong>, Instep, Prag, Tschechische Republik (2017\u20132023)<\/p><p data-start=\"466\" data-end=\"540\"><strong data-start=\"466\" data-end=\"510\">Karriereberatung<\/strong>, Berufliche Orientierung, Bratislava, Slowakische Republik (2015)<\/p><p data-start=\"542\" data-end=\"663\"><strong data-start=\"542\" data-end=\"590\">Masterstudium Fachpsychologie<\/strong>, Philosophische Fakult\u00e4t, Komensky-Universit\u00e4t Bratislava, Slowakische Republik (2013\u20132015)<\/p><p data-start=\"665\" data-end=\"788\"><strong data-start=\"665\" data-end=\"715\">Bachelorstudium Fachpsychologie<\/strong>, Philosophische Fakult\u00e4t, Komensky-Universit\u00e4t Bratislava, Slowakische Republik (2010\u20132013)<\/p>\t\t\t\t\t\t\t\t<\/div>\n\t\t\t\t<\/div>\n\t\t\t\t<div class=\"elementor-element elementor-element-44bb05f elementor-widget elementor-widget-heading\" data-id=\"44bb05f\" data-element_type=\"widget\" data-widget_type=\"heading.default\">\n\t\t\t\t<div class=\"elementor-widget-container\">\n\t\t\t\t\t<h2 class=\"elementor-heading-title elementor-size-default\">Weitere Ausbildungen und Seminare<\/h2>\t\t\t\t<\/div>\n\t\t\t\t<\/div>\n\t\t\t\t<div class=\"elementor-element elementor-element-54c9cc7 elementor-widget elementor-widget-n-accordion\" data-id=\"54c9cc7\" data-element_type=\"widget\" data-settings=\"{&quot;default_state&quot;:&quot;all_collapsed&quot;,&quot;max_items_expended&quot;:&quot;one&quot;,&quot;n_accordion_animation_duration&quot;:{&quot;unit&quot;:&quot;ms&quot;,&quot;size&quot;:400,&quot;sizes&quot;:[]}}\" data-widget_type=\"nested-accordion.default\">\n\t\t\t\t<div class=\"elementor-widget-container\">\n\t\t\t\t\t\t\t<div class=\"e-n-accordion\" aria-label=\"Accordion. Open links with Enter or Space, close with Escape, and navigate with Arrow Keys\">\n\t\t\t\t\t\t<details id=\"e-n-accordion-item-8890\" class=\"e-n-accordion-item\" >\n\t\t\t\t<summary class=\"e-n-accordion-item-title\" data-accordion-index=\"1\" tabindex=\"0\" aria-expanded=\"false\" aria-controls=\"e-n-accordion-item-8890\" >\n\t\t\t\t\t<span class='e-n-accordion-item-title-header'><div class=\"e-n-accordion-item-title-text\"> Weitere Fortbildungen und Seminare anzeigen <\/div><\/span>\n\t\t\t\t\t\t\t<span class='e-n-accordion-item-title-icon'>\n\t\t\t<span class='e-opened' ><i aria-hidden=\"true\" class=\"fas fa-chevron-up\"><\/i><\/span>\n\t\t\t<span class='e-closed'><i aria-hidden=\"true\" class=\"fas fa-chevron-down\"><\/i><\/span>\n\t\t<\/span>\n\n\t\t\t\t\t\t<\/summary>\n\t\t\t\t<div role=\"region\" aria-labelledby=\"e-n-accordion-item-8890\" class=\"elementor-element elementor-element-abf214c e-con-full e-flex e-con e-child\" data-id=\"abf214c\" data-element_type=\"container\">\n\t\t\t\t<div class=\"elementor-element elementor-element-164b7e0 elementor-widget elementor-widget-text-editor\" data-id=\"164b7e0\" data-element_type=\"widget\" data-widget_type=\"text-editor.default\">\n\t\t\t\t<div class=\"elementor-widget-container\">\n\t\t\t\t\t\t\t\t\t<p>Sein in der Psychotherapie, Terraln, Mgr. Hana Vojtkov\u00e1, online (2024) <\/p><p>Neurodiversit\u00e4t in der psychotherapeutischen Praxis, \u010cAP, MUDr. Krist\u00fdna Drozdov\u00e1, online (2024) <\/p><p>Posttraumatische Dissoziation, Terraln, Mgr. Hana Vojtkov\u00e1, online (2024) <\/p><p>Verst\u00e4ndnis von Trauma und Dissoziation durch Neurobiologie und Bindung, Terraln, Mgr. Hana Vojtov\u00e1, online (2023) <\/p><p>Krisenintervention f\u00fcr helfende Fachkr\u00e4fte, Mgr. Peter Porubsk\u00fd, Mgr. Barbara Ernest, online (2023)  <\/p><p>Rorschach-Methode, PhDr. Igor Obuch, Bratislava, Slowakei (2022) <\/p><p>Einf\u00fchrung in suizidales Verhalten bei Kindern und Jugendlichen, Velk\u00fd v\u016fz sever, Bc. Pavl\u00edna Klabn\u00edkov\u00e1, online (2022) <\/p><p>ASSYST Humanit\u00e4res psychosoziales Projekt \u00a9, Tschechische Vereinigung f\u00fcr Psychotraumatologie und EMDR, PhDr. Zuzana \u010cepel\u00edkov\u00e1, online (2022) <\/p><p>Trauma und Krise, PhDr. Yvonna Luck\u00e1, online (2022) <\/p><p>Tr\u00e4ume live, PhDr. Martin J\u00e1ra, Prag, Tschechische Republik (2022) <\/p><p>Tanz als Mittel zur Verbesserung von Konzentration, Aufmerksamkeit und Spannungen bei Kindern, Mterapio, Mgr. Zuzana Rom\u00e1nov\u00e1, online (2021) <\/p><p>Das R\u00e4tsel der Borderline-Pers\u00f6nlichkeitsst\u00f6rung, Projekt I care, Mgr. Adam T\u00e1borsk\u00fd, online (2021) <\/p><p>Grundlagen der Bindungstypen, Diane Poole Heller, online (2021)<\/p><p>Palliative Psychologie und Trauer, Slowakische Gesundheitsuniversit\u00e4t, Bratislava, Slowakei (2020)<\/p><p>TK in der Organisation der Sozialmedizin und des Gesundheitswesens, Slowakische Gesundheitsuniversit\u00e4t, Bratislava, Slowakei (2020)<\/p><p>Grundlagen der wichtigsten psychotherapeutischen Richtungen, Methoden und speziellen Techniken der Psychotherapie, Slowakische Gesundheitsuniversit\u00e4t, Doc. PhDr. Milo\u0161 \u0160lepeck\u00fd, CSc., Bratislava, Slowakei (2020)<\/p><p>Vorbereitung auf die Arbeit im Gesundheitswesen, Slowakische Gesundheitsuniversit\u00e4t, Bratislava, Slowakei (2019)<\/p><p>Wichtigste psychodiagnostische Methoden und Theorien der Pers\u00f6nlichkeit, Motivation und Lernen aus Sicht ihrer Anwendung in der klinischen Psychologie, Slowakische Gesundheitsuniversit\u00e4t, PhDr. Etela Mi\u0161ani\u010dov\u00e1 und PhDr. Zuzana Mi\u010dkov\u00e1, PhD., Bratislava, Slowakei (2019)<\/p><p>Yoga-Instruktorin, Power Yoga Akademie sro, Prag, Tschechische Republik (2018\u20132019)<\/p><p>Grundlagen der Krisenintervention, D\u00e9\u010dko Liberec, Mgr. Lucie Husov\u00e1, Olm\u00fctz, Tschechische Republik (2018) <\/p><p>Effektives unterst\u00fctzendes Gespr\u00e4ch, Coachingplus, Mgr. Vladim\u00edr Hamb\u00e1lek, Mgr. Ivan Valkovi\u010d, Bratislava, Slowakei (2017)  <\/p><p>Autogenes Training I., Pro mente sana, MUDr. Jozef Ha\u0161to, Bratislava, Slowakei (2017) <\/p><p>Mindfulness-Based Stress Reduction, Mgr. Andrej Jelen\u00edk, Bratislava, Slowakei (2016) <\/p><p>Gruppendynamik, Coachingplus, Mgr. Vladim\u00edr Hamb\u00e1lek, Mgr. Ivan Valkovi\u010d, Bratislava, Slowakei (2016)  <\/p><p>K\u00f6rper und Tr\u00e4ume, Popi Slowakei, Mgr. Brigita Trimajov\u00e1 Dipl.POP, Mgr. Ing. Jana Sarah Ka\u0161\u00e1kov\u00e1 Dipl.POP, Bratislava, Slowakei (2016)  <\/p><p>Sch\u00e4tze, Herausforderungen und Grenzen in helfenden Beziehungen, Popi Slowakei, Ivan Verny Dipl.PW, Marianne Verny Dipl.PW, Bratislava, Slowakei (2016)<\/p><p>Gewalt an Kindern, Jugendlichen und Erwachsenen, Centrum Slnie\u010dko, Mgr. Mariana Kov\u00e1\u010dov\u00e1, PhD., Bratislava, Slowakei (2015) <\/p><p>Prinzipien der Behandlung und Betreuung unheilbar kranker Kinder und Familien im Kinderhospiz zu Hause, Plamienok, n.o., MUDr. M\u00e1ria Jasenkov\u00e1, Bratislava, Slowakei (2015) <\/p><p>Psychologische Bewertung der Glaubw\u00fcrdigkeit und aktuelle Methoden der kriminal- und investigativen Psychologie, Slowakisches Institut f\u00fcr angewandte Psychologie, Mgr. et Mgr. Ondrej Kub\u00edk, PhD., Bratislava, Slowakei (2012)<\/p>\t\t\t\t\t\t\t\t<\/div>\n\t\t\t\t<\/div>\n\t\t\t\t<\/div>\n\t\t\t\t\t<\/details>\n\t\t\t\t\t<\/div>\n\t\t\t\t\t\t<\/div>\n\t\t\t\t<\/div>\n\t\t\t\t<div class=\"elementor-element elementor-element-105324f elementor-widget elementor-widget-heading\" data-id=\"105324f\" data-element_type=\"widget\" data-widget_type=\"heading.default\">\n\t\t\t\t<div class=\"elementor-widget-container\">\n\t\t\t\t\t<h2 class=\"elementor-heading-title elementor-size-default\">Mitgliedschaften<\/h2>\t\t\t\t<\/div>\n\t\t\t\t<\/div>\n\t\t\t\t<div class=\"elementor-element elementor-element-f88e346 elementor-widget elementor-widget-text-editor\" data-id=\"f88e346\" data-element_type=\"widget\" data-widget_type=\"text-editor.default\">\n\t\t\t\t<div class=\"elementor-widget-container\">\n\t\t\t\t\t\t\t\t\t<p><a href=\"https:\/\/www.komorapsychologov.sk\/\"><span style=\"font-weight: 400;\">Slowakische Psychologen-Kammer<\/span><\/a><\/p><p><a href=\"https:\/\/www.czap.cz\/\"><span style=\"font-weight: 400;\">Tschechische Psychotherapie-Vereinigung<\/span><\/a><\/p><p><a href=\"https:\/\/www.europsyche.org\/\"><span style=\"font-weight: 400;\">Europ\u00e4ische Gesellschaft f\u00fcr Psychotherapie<\/span><\/a><\/p><p><a href=\"https:\/\/www.iseft.org\/\"><span style=\"font-weight: 400;\">Internationale Gesellschaft f\u00fcr Emotionsfokussierte Therapie<\/span><\/a><\/p>\t\t\t\t\t\t\t\t<\/div>\n\t\t\t\t<\/div>\n\t\t\t\t<div class=\"elementor-element elementor-element-0da25f7 elementor-mobile-align-center elementor-widget elementor-widget-button\" data-id=\"0da25f7\" data-element_type=\"widget\" data-widget_type=\"button.default\">\n\t\t\t\t<div class=\"elementor-widget-container\">\n\t\t\t\t\t\t\t\t\t<div class=\"elementor-button-wrapper\">\n\t\t\t\t\t<a class=\"elementor-button elementor-button-link elementor-size-sm\" href=\"https:\/\/alzbetazetzmann.com\/wp-content\/uploads\/2025\/04\/CV-short-1.pdf\">\n\t\t\t\t\t\t<span class=\"elementor-button-content-wrapper\">\n\t\t\t\t\t\t\t\t\t<span class=\"elementor-button-text\">Lebenslauf<\/span>\n\t\t\t\t\t<\/span>\n\t\t\t\t\t<\/a>\n\t\t\t\t<\/div>\n\t\t\t\t\t\t\t\t<\/div>\n\t\t\t\t<\/div>\n\t\t\t\t\t<\/div>\n\t\t\t\t<\/div>\n\t\t<div class=\"elementor-element elementor-element-8357c8d e-flex e-con-boxed e-con e-parent\" data-id=\"8357c8d\" data-element_type=\"container\">\n\t\t\t\t\t<div class=\"e-con-inner\">\n\t\t\t\t<div class=\"elementor-element elementor-element-d6a31d1 e-transform elementor-widget elementor-widget-menu-anchor\" data-id=\"d6a31d1\" data-element_type=\"widget\" data-settings=\"{&quot;_transform_translateY_effect&quot;:{&quot;unit&quot;:&quot;px&quot;,&quot;size&quot;:-50,&quot;sizes&quot;:[]},&quot;_transform_translateX_effect&quot;:{&quot;unit&quot;:&quot;px&quot;,&quot;size&quot;:&quot;&quot;,&quot;sizes&quot;:[]},&quot;_transform_translateX_effect_tablet&quot;:{&quot;unit&quot;:&quot;px&quot;,&quot;size&quot;:&quot;&quot;,&quot;sizes&quot;:[]},&quot;_transform_translateX_effect_mobile&quot;:{&quot;unit&quot;:&quot;px&quot;,&quot;size&quot;:&quot;&quot;,&quot;sizes&quot;:[]},&quot;_transform_translateY_effect_tablet&quot;:{&quot;unit&quot;:&quot;px&quot;,&quot;size&quot;:&quot;&quot;,&quot;sizes&quot;:[]},&quot;_transform_translateY_effect_mobile&quot;:{&quot;unit&quot;:&quot;px&quot;,&quot;size&quot;:&quot;&quot;,&quot;sizes&quot;:[]}}\" data-widget_type=\"menu-anchor.default\">\n\t\t\t\t<div class=\"elementor-widget-container\">\n\t\t\t\t\t\t\t<div class=\"elementor-menu-anchor\" id=\"inspiracie\"><\/div>\n\t\t\t\t\t\t<\/div>\n\t\t\t\t<\/div>\n\t\t\t\t<div class=\"elementor-element elementor-element-bc0cb79 elementor-widget elementor-widget-heading\" data-id=\"bc0cb79\" data-element_type=\"widget\" data-widget_type=\"heading.default\">\n\t\t\t\t<div class=\"elementor-widget-container\">\n\t\t\t\t\t<h2 class=\"elementor-heading-title elementor-size-default\">Inspirationen<\/h2>\t\t\t\t<\/div>\n\t\t\t\t<\/div>\n\t\t\t\t\t<\/div>\n\t\t\t\t<\/div>\n\t\t<div class=\"elementor-element elementor-element-346c1c3 e-flex e-con-boxed e-con e-parent\" data-id=\"346c1c3\" data-element_type=\"container\">\n\t\t\t\t\t<div class=\"e-con-inner\">\n\t\t<div class=\"elementor-element elementor-element-b573daa e-con-full e-flex e-con e-child\" data-id=\"b573daa\" data-element_type=\"container\">\n\t\t\t\t<div class=\"elementor-element elementor-element-0a21fe2 elementor-position-left elementor-vertical-align-middle elementor-widget elementor-widget-image-box\" data-id=\"0a21fe2\" data-element_type=\"widget\" data-widget_type=\"image-box.default\">\n\t\t\t\t<div class=\"elementor-widget-container\">\n\t\t\t\t\t<div class=\"elementor-image-box-wrapper\"><figure class=\"elementor-image-box-img\"><img loading=\"lazy\" decoding=\"async\" width=\"131\" height=\"131\" src=\"https:\/\/alzbetazetzmann.com\/wp-content\/uploads\/2025\/04\/Image-53.png\" class=\"attachment-full size-full wp-image-1877\" alt=\"\" \/><\/figure><div class=\"elementor-image-box-content\"><h3 class=\"elementor-image-box-title\">B\u00fccher<\/h3><\/div><\/div>\t\t\t\t<\/div>\n\t\t\t\t<\/div>\n\t\t\t\t<div class=\"elementor-element elementor-element-bdbb983 elementor-position-left elementor-view-default elementor-mobile-position-top elementor-vertical-align-top elementor-widget elementor-widget-icon-box\" data-id=\"bdbb983\" data-element_type=\"widget\" data-widget_type=\"icon-box.default\">\n\t\t\t\t<div class=\"elementor-widget-container\">\n\t\t\t\t\t\t\t<div class=\"elementor-icon-box-wrapper\">\n\n\t\t\t\t\t\t<div class=\"elementor-icon-box-icon\">\n\t\t\t\t<span  class=\"elementor-icon\">\n\t\t\t\t<i aria-hidden=\"true\" class=\"fas fa-book-open\"><\/i>\t\t\t\t<\/span>\n\t\t\t<\/div>\n\t\t\t\n\t\t\t\t\t\t<div class=\"elementor-icon-box-content\">\n\n\t\t\t\t\t\t\t\t\t<h3 class=\"elementor-icon-box-title\">\n\t\t\t\t\t\t<span  >\n\t\t\t\t\t\t\tIrvin D. Yalom: Terapie als Geschenk\t\t\t\t\t\t<\/span>\n\t\t\t\t\t<\/h3>\n\t\t\t\t\n\t\t\t\t\n\t\t\t<\/div>\n\t\t\t\n\t\t<\/div>\n\t\t\t\t\t\t<\/div>\n\t\t\t\t<\/div>\n\t\t\t\t<div class=\"elementor-element elementor-element-f39e2a2 elementor-position-left elementor-view-default elementor-mobile-position-top elementor-vertical-align-top elementor-widget elementor-widget-icon-box\" data-id=\"f39e2a2\" data-element_type=\"widget\" data-widget_type=\"icon-box.default\">\n\t\t\t\t<div class=\"elementor-widget-container\">\n\t\t\t\t\t\t\t<div class=\"elementor-icon-box-wrapper\">\n\n\t\t\t\t\t\t<div class=\"elementor-icon-box-icon\">\n\t\t\t\t<span  class=\"elementor-icon\">\n\t\t\t\t<i aria-hidden=\"true\" class=\"fas fa-book-open\"><\/i>\t\t\t\t<\/span>\n\t\t\t<\/div>\n\t\t\t\n\t\t\t\t\t\t<div class=\"elementor-icon-box-content\">\n\n\t\t\t\t\t\t\t\t\t<h3 class=\"elementor-icon-box-title\">\n\t\t\t\t\t\t<span  >\n\t\t\t\t\t\t\tErich Fromm: Die Kunst des Liebens\t\t\t\t\t\t<\/span>\n\t\t\t\t\t<\/h3>\n\t\t\t\t\n\t\t\t\t\n\t\t\t<\/div>\n\t\t\t\n\t\t<\/div>\n\t\t\t\t\t\t<\/div>\n\t\t\t\t<\/div>\n\t\t\t\t<div class=\"elementor-element elementor-element-9b01629 elementor-position-left elementor-view-default elementor-mobile-position-top elementor-vertical-align-top elementor-widget elementor-widget-icon-box\" data-id=\"9b01629\" data-element_type=\"widget\" data-widget_type=\"icon-box.default\">\n\t\t\t\t<div class=\"elementor-widget-container\">\n\t\t\t\t\t\t\t<div class=\"elementor-icon-box-wrapper\">\n\n\t\t\t\t\t\t<div class=\"elementor-icon-box-icon\">\n\t\t\t\t<span  class=\"elementor-icon\">\n\t\t\t\t<i aria-hidden=\"true\" class=\"fas fa-book-open\"><\/i>\t\t\t\t<\/span>\n\t\t\t<\/div>\n\t\t\t\n\t\t\t\t\t\t<div class=\"elementor-icon-box-content\">\n\n\t\t\t\t\t\t\t\t\t<h3 class=\"elementor-icon-box-title\">\n\t\t\t\t\t\t<span  >\n\t\t\t\t\t\t\tViktor E. Frankl: trotzdem Ja zum Leben sagen\t\t\t\t\t\t<\/span>\n\t\t\t\t\t<\/h3>\n\t\t\t\t\n\t\t\t\t\n\t\t\t<\/div>\n\t\t\t\n\t\t<\/div>\n\t\t\t\t\t\t<\/div>\n\t\t\t\t<\/div>\n\t\t\t\t<div class=\"elementor-element elementor-element-0a4da38 elementor-position-left elementor-view-default elementor-mobile-position-top elementor-vertical-align-top elementor-widget elementor-widget-icon-box\" data-id=\"0a4da38\" data-element_type=\"widget\" data-widget_type=\"icon-box.default\">\n\t\t\t\t<div class=\"elementor-widget-container\">\n\t\t\t\t\t\t\t<div class=\"elementor-icon-box-wrapper\">\n\n\t\t\t\t\t\t<div class=\"elementor-icon-box-icon\">\n\t\t\t\t<span  class=\"elementor-icon\">\n\t\t\t\t<i aria-hidden=\"true\" class=\"fas fa-book-open\"><\/i>\t\t\t\t<\/span>\n\t\t\t<\/div>\n\t\t\t\n\t\t\t\t\t\t<div class=\"elementor-icon-box-content\">\n\n\t\t\t\t\t\t\t\t\t<h3 class=\"elementor-icon-box-title\">\n\t\t\t\t\t\t<span  >\n\t\t\t\t\t\t\tRick Hanson: Das Gehirn eines Buddha\t\t\t\t\t\t<\/span>\n\t\t\t\t\t<\/h3>\n\t\t\t\t\n\t\t\t\t\n\t\t\t<\/div>\n\t\t\t\n\t\t<\/div>\n\t\t\t\t\t\t<\/div>\n\t\t\t\t<\/div>\n\t\t\t\t<\/div>\n\t\t<div class=\"elementor-element elementor-element-d342270 e-con-full e-flex e-con e-child\" data-id=\"d342270\" data-element_type=\"container\">\n\t\t\t\t<div class=\"elementor-element elementor-element-8b805a5 elementor-position-left elementor-vertical-align-middle elementor-widget elementor-widget-image-box\" data-id=\"8b805a5\" data-element_type=\"widget\" data-widget_type=\"image-box.default\">\n\t\t\t\t<div class=\"elementor-widget-container\">\n\t\t\t\t\t<div class=\"elementor-image-box-wrapper\"><figure class=\"elementor-image-box-img\"><img loading=\"lazy\" decoding=\"async\" width=\"131\" height=\"131\" src=\"https:\/\/alzbetazetzmann.com\/wp-content\/uploads\/2025\/04\/Image-54.png\" class=\"attachment-full size-full wp-image-1878\" alt=\"\" \/><\/figure><div class=\"elementor-image-box-content\"><h3 class=\"elementor-image-box-title\">Videos<\/h3><\/div><\/div>\t\t\t\t<\/div>\n\t\t\t\t<\/div>\n\t\t\t\t<div class=\"elementor-element elementor-element-c1bc02d elementor-position-left elementor-view-default elementor-mobile-position-top elementor-vertical-align-top elementor-widget elementor-widget-icon-box\" data-id=\"c1bc02d\" data-element_type=\"widget\" data-widget_type=\"icon-box.default\">\n\t\t\t\t<div class=\"elementor-widget-container\">\n\t\t\t\t\t\t\t<div class=\"elementor-icon-box-wrapper\">\n\n\t\t\t\t\t\t<div class=\"elementor-icon-box-icon\">\n\t\t\t\t<a href=\"https:\/\/www.youtube.com\/watch?v=iCvmsMzlF7o\" target=\"_blank\" rel=\"nofollow\" class=\"elementor-icon\" tabindex=\"-1\" aria-label=\"Bren\u00e9 Brown - Die Kraft der Verletzlichkeit\">\n\t\t\t\t<i aria-hidden=\"true\" class=\"fab fa-youtube\"><\/i>\t\t\t\t<\/a>\n\t\t\t<\/div>\n\t\t\t\n\t\t\t\t\t\t<div class=\"elementor-icon-box-content\">\n\n\t\t\t\t\t\t\t\t\t<h3 class=\"elementor-icon-box-title\">\n\t\t\t\t\t\t<a href=\"https:\/\/www.youtube.com\/watch?v=iCvmsMzlF7o\" target=\"_blank\" rel=\"nofollow\" >\n\t\t\t\t\t\t\tBren\u00e9 Brown - Die Kraft der Verletzlichkeit\t\t\t\t\t\t<\/a>\n\t\t\t\t\t<\/h3>\n\t\t\t\t\n\t\t\t\t\n\t\t\t<\/div>\n\t\t\t\n\t\t<\/div>\n\t\t\t\t\t\t<\/div>\n\t\t\t\t<\/div>\n\t\t\t\t<div class=\"elementor-element elementor-element-2ac0494 elementor-position-left elementor-view-default elementor-mobile-position-top elementor-vertical-align-top elementor-widget elementor-widget-icon-box\" data-id=\"2ac0494\" data-element_type=\"widget\" data-widget_type=\"icon-box.default\">\n\t\t\t\t<div class=\"elementor-widget-container\">\n\t\t\t\t\t\t\t<div class=\"elementor-icon-box-wrapper\">\n\n\t\t\t\t\t\t<div class=\"elementor-icon-box-icon\">\n\t\t\t\t<a href=\"https:\/\/www.youtube.com\/watch?v=rUMF5R7DoOA\" target=\"_blank\" rel=\"nofollow\" class=\"elementor-icon\" tabindex=\"-1\" aria-label=\"Kristin Neff: Self-Compassion\">\n\t\t\t\t<i aria-hidden=\"true\" class=\"fab fa-youtube\"><\/i>\t\t\t\t<\/a>\n\t\t\t<\/div>\n\t\t\t\n\t\t\t\t\t\t<div class=\"elementor-icon-box-content\">\n\n\t\t\t\t\t\t\t\t\t<h3 class=\"elementor-icon-box-title\">\n\t\t\t\t\t\t<a href=\"https:\/\/www.youtube.com\/watch?v=rUMF5R7DoOA\" target=\"_blank\" rel=\"nofollow\" >\n\t\t\t\t\t\t\tKristin Neff: Self-Compassion\t\t\t\t\t\t<\/a>\n\t\t\t\t\t<\/h3>\n\t\t\t\t\n\t\t\t\t\n\t\t\t<\/div>\n\t\t\t\n\t\t<\/div>\n\t\t\t\t\t\t<\/div>\n\t\t\t\t<\/div>\n\t\t\t\t<div class=\"elementor-element elementor-element-efd0045 elementor-position-left elementor-view-default elementor-mobile-position-top elementor-vertical-align-top elementor-widget elementor-widget-icon-box\" data-id=\"efd0045\" data-element_type=\"widget\" data-widget_type=\"icon-box.default\">\n\t\t\t\t<div class=\"elementor-widget-container\">\n\t\t\t\t\t\t\t<div class=\"elementor-icon-box-wrapper\">\n\n\t\t\t\t\t\t<div class=\"elementor-icon-box-icon\">\n\t\t\t\t<a href=\"https:\/\/www.youtube.com\/watch?v=l80zgw07W4Y\" target=\"_blank\" rel=\"nofollow\" class=\"elementor-icon\" tabindex=\"-1\" aria-label=\"Vilayanur Ramachandran: Die Neuronen, die die Zivilisation ver\u00e4ndert haben\">\n\t\t\t\t<i aria-hidden=\"true\" class=\"fab fa-youtube\"><\/i>\t\t\t\t<\/a>\n\t\t\t<\/div>\n\t\t\t\n\t\t\t\t\t\t<div class=\"elementor-icon-box-content\">\n\n\t\t\t\t\t\t\t\t\t<h3 class=\"elementor-icon-box-title\">\n\t\t\t\t\t\t<a href=\"https:\/\/www.youtube.com\/watch?v=l80zgw07W4Y\" target=\"_blank\" rel=\"nofollow\" >\n\t\t\t\t\t\t\tVilayanur Ramachandran: Die Neuronen, die die Zivilisation ver\u00e4ndert haben\t\t\t\t\t\t<\/a>\n\t\t\t\t\t<\/h3>\n\t\t\t\t\n\t\t\t\t\n\t\t\t<\/div>\n\t\t\t\n\t\t<\/div>\n\t\t\t\t\t\t<\/div>\n\t\t\t\t<\/div>\n\t\t\t\t<div class=\"elementor-element elementor-element-f54a9df elementor-position-left elementor-view-default elementor-mobile-position-top elementor-vertical-align-top elementor-widget elementor-widget-icon-box\" data-id=\"f54a9df\" data-element_type=\"widget\" data-widget_type=\"icon-box.default\">\n\t\t\t\t<div class=\"elementor-widget-container\">\n\t\t\t\t\t\t\t<div class=\"elementor-icon-box-wrapper\">\n\n\t\t\t\t\t\t<div class=\"elementor-icon-box-icon\">\n\t\t\t\t<a href=\"https:\/\/www.ted.com\/talks\/susan_david_the_gift_and_power_of_emotional_courage?language=sk\" target=\"_blank\" rel=\"nofollow\" class=\"elementor-icon\" tabindex=\"-1\" aria-label=\"Susan David: Das Geschenk der gro\u00dfen St\u00e4rke \u2013 Was menschliche Emotionen alles verbergen\">\n\t\t\t\t<i aria-hidden=\"true\" class=\"fab fa-youtube\"><\/i>\t\t\t\t<\/a>\n\t\t\t<\/div>\n\t\t\t\n\t\t\t\t\t\t<div class=\"elementor-icon-box-content\">\n\n\t\t\t\t\t\t\t\t\t<h3 class=\"elementor-icon-box-title\">\n\t\t\t\t\t\t<a href=\"https:\/\/www.ted.com\/talks\/susan_david_the_gift_and_power_of_emotional_courage?language=sk\" target=\"_blank\" rel=\"nofollow\" >\n\t\t\t\t\t\t\tSusan David: Das Geschenk der gro\u00dfen St\u00e4rke \u2013 Was menschliche Emotionen alles verbergen\t\t\t\t\t\t<\/a>\n\t\t\t\t\t<\/h3>\n\t\t\t\t\n\t\t\t\t\n\t\t\t<\/div>\n\t\t\t\n\t\t<\/div>\n\t\t\t\t\t\t<\/div>\n\t\t\t\t<\/div>\n\t\t\t\t<\/div>\n\t\t<div class=\"elementor-element elementor-element-40dd0d7 e-con-full e-flex e-con e-child\" data-id=\"40dd0d7\" data-element_type=\"container\">\n\t\t\t\t<div class=\"elementor-element elementor-element-441fd75 elementor-position-left elementor-vertical-align-middle elementor-widget elementor-widget-image-box\" data-id=\"441fd75\" data-element_type=\"widget\" data-widget_type=\"image-box.default\">\n\t\t\t\t<div class=\"elementor-widget-container\">\n\t\t\t\t\t<div class=\"elementor-image-box-wrapper\"><figure class=\"elementor-image-box-img\"><img loading=\"lazy\" decoding=\"async\" width=\"131\" height=\"131\" src=\"https:\/\/alzbetazetzmann.com\/wp-content\/uploads\/2025\/04\/Image-55.png\" class=\"attachment-full size-full wp-image-1879\" alt=\"\" \/><\/figure><div class=\"elementor-image-box-content\"><h3 class=\"elementor-image-box-title\">Podcasts<\/h3><\/div><\/div>\t\t\t\t<\/div>\n\t\t\t\t<\/div>\n\t\t\t\t<div class=\"elementor-element elementor-element-2e58504 elementor-position-left elementor-view-default elementor-mobile-position-top elementor-vertical-align-top elementor-widget elementor-widget-icon-box\" data-id=\"2e58504\" data-element_type=\"widget\" data-widget_type=\"icon-box.default\">\n\t\t\t\t<div class=\"elementor-widget-container\">\n\t\t\t\t\t\t\t<div class=\"elementor-icon-box-wrapper\">\n\n\t\t\t\t\t\t<div class=\"elementor-icon-box-icon\">\n\t\t\t\t<a href=\"https:\/\/open.spotify.com\/episode\/5sdo1RvFINjjkgCUT3YZ0H?si=bfb28cee6fe3425a\" target=\"_blank\" rel=\"nofollow\" class=\"elementor-icon\" tabindex=\"-1\" aria-label=\"Leslie Greenberg: Emotion mit Emotion ver\u00e4ndern \">\n\t\t\t\t<i aria-hidden=\"true\" class=\"fas fa-volume-up\"><\/i>\t\t\t\t<\/a>\n\t\t\t<\/div>\n\t\t\t\n\t\t\t\t\t\t<div class=\"elementor-icon-box-content\">\n\n\t\t\t\t\t\t\t\t\t<h3 class=\"elementor-icon-box-title\">\n\t\t\t\t\t\t<a href=\"https:\/\/open.spotify.com\/episode\/5sdo1RvFINjjkgCUT3YZ0H?si=bfb28cee6fe3425a\" target=\"_blank\" rel=\"nofollow\" >\n\t\t\t\t\t\t\tLeslie Greenberg: Emotion mit Emotion ver\u00e4ndern \t\t\t\t\t\t<\/a>\n\t\t\t\t\t<\/h3>\n\t\t\t\t\n\t\t\t\t\n\t\t\t<\/div>\n\t\t\t\n\t\t<\/div>\n\t\t\t\t\t\t<\/div>\n\t\t\t\t<\/div>\n\t\t\t\t<div class=\"elementor-element elementor-element-d88c4cb elementor-position-left elementor-view-default elementor-mobile-position-top elementor-vertical-align-top elementor-widget elementor-widget-icon-box\" data-id=\"d88c4cb\" data-element_type=\"widget\" data-widget_type=\"icon-box.default\">\n\t\t\t\t<div class=\"elementor-widget-container\">\n\t\t\t\t\t\t\t<div class=\"elementor-icon-box-wrapper\">\n\n\t\t\t\t\t\t<div class=\"elementor-icon-box-icon\">\n\t\t\t\t<a href=\"https:\/\/open.spotify.com\/episode\/17iMsCOW2ADqgcH9l6dYih?si=a7afd006c6f5443b\" target=\"_blank\" rel=\"nofollow\" class=\"elementor-icon\" tabindex=\"-1\" aria-label=\"Esther Perel: Mein emotionales Erbe\">\n\t\t\t\t<i aria-hidden=\"true\" class=\"fas fa-volume-up\"><\/i>\t\t\t\t<\/a>\n\t\t\t<\/div>\n\t\t\t\n\t\t\t\t\t\t<div class=\"elementor-icon-box-content\">\n\n\t\t\t\t\t\t\t\t\t<h3 class=\"elementor-icon-box-title\">\n\t\t\t\t\t\t<a href=\"https:\/\/open.spotify.com\/episode\/17iMsCOW2ADqgcH9l6dYih?si=a7afd006c6f5443b\" target=\"_blank\" rel=\"nofollow\" >\n\t\t\t\t\t\t\tEsther Perel: Mein emotionales Erbe\t\t\t\t\t\t<\/a>\n\t\t\t\t\t<\/h3>\n\t\t\t\t\n\t\t\t\t\n\t\t\t<\/div>\n\t\t\t\n\t\t<\/div>\n\t\t\t\t\t\t<\/div>\n\t\t\t\t<\/div>\n\t\t\t\t<div class=\"elementor-element elementor-element-aaa642f elementor-position-left elementor-view-default elementor-mobile-position-top elementor-vertical-align-top elementor-widget elementor-widget-icon-box\" data-id=\"aaa642f\" data-element_type=\"widget\" data-widget_type=\"icon-box.default\">\n\t\t\t\t<div class=\"elementor-widget-container\">\n\t\t\t\t\t\t\t<div class=\"elementor-icon-box-wrapper\">\n\n\t\t\t\t\t\t<div class=\"elementor-icon-box-icon\">\n\t\t\t\t<a href=\"https:\/\/open.spotify.com\/show\/5XOHEXUOa5xPGOtErFyOGB?si=550e285f65a14d0f\" target=\"_blank\" rel=\"nofollow\" class=\"elementor-icon\" tabindex=\"-1\" aria-label=\"Plum Village: Zuh\u00f6ren\">\n\t\t\t\t<i aria-hidden=\"true\" class=\"fas fa-volume-up\"><\/i>\t\t\t\t<\/a>\n\t\t\t<\/div>\n\t\t\t\n\t\t\t\t\t\t<div class=\"elementor-icon-box-content\">\n\n\t\t\t\t\t\t\t\t\t<h3 class=\"elementor-icon-box-title\">\n\t\t\t\t\t\t<a href=\"https:\/\/open.spotify.com\/show\/5XOHEXUOa5xPGOtErFyOGB?si=550e285f65a14d0f\" target=\"_blank\" rel=\"nofollow\" >\n\t\t\t\t\t\t\tPlum Village: Zuh\u00f6ren\t\t\t\t\t\t<\/a>\n\t\t\t\t\t<\/h3>\n\t\t\t\t\n\t\t\t\t\n\t\t\t<\/div>\n\t\t\t\n\t\t<\/div>\n\t\t\t\t\t\t<\/div>\n\t\t\t\t<\/div>\n\t\t\t\t<div class=\"elementor-element elementor-element-0644b42 elementor-position-left elementor-view-default elementor-mobile-position-top elementor-vertical-align-top elementor-widget elementor-widget-icon-box\" data-id=\"0644b42\" data-element_type=\"widget\" data-widget_type=\"icon-box.default\">\n\t\t\t\t<div class=\"elementor-widget-container\">\n\t\t\t\t\t\t\t<div class=\"elementor-icon-box-wrapper\">\n\n\t\t\t\t\t\t<div class=\"elementor-icon-box-icon\">\n\t\t\t\t<a href=\"https:\/\/open.spotify.com\/show\/29jV53CJQhJHHTCsSL731G?si=90dda06c24d74ba6\" target=\"_blank\" rel=\"nofollow\" class=\"elementor-icon\" tabindex=\"-1\" aria-label=\"Ars Anima: Gespr\u00e4che \u00fcber die Seele\">\n\t\t\t\t<i aria-hidden=\"true\" class=\"fas fa-volume-up\"><\/i>\t\t\t\t<\/a>\n\t\t\t<\/div>\n\t\t\t\n\t\t\t\t\t\t<div class=\"elementor-icon-box-content\">\n\n\t\t\t\t\t\t\t\t\t<h3 class=\"elementor-icon-box-title\">\n\t\t\t\t\t\t<a href=\"https:\/\/open.spotify.com\/show\/29jV53CJQhJHHTCsSL731G?si=90dda06c24d74ba6\" target=\"_blank\" rel=\"nofollow\" >\n\t\t\t\t\t\t\tArs Anima: Gespr\u00e4che \u00fcber die Seele\t\t\t\t\t\t<\/a>\n\t\t\t\t\t<\/h3>\n\t\t\t\t\n\t\t\t\t\n\t\t\t<\/div>\n\t\t\t\n\t\t<\/div>\n\t\t\t\t\t\t<\/div>\n\t\t\t\t<\/div>\n\t\t\t\t<\/div>\n\t\t\t\t\t<\/div>\n\t\t\t\t<\/div>\n\t\t<div class=\"elementor-element elementor-element-02741c3 e-flex e-con-boxed e-con e-parent\" data-id=\"02741c3\" data-element_type=\"container\">\n\t\t\t\t\t<div class=\"e-con-inner\">\n\t\t\t\t<div class=\"elementor-element elementor-element-5492a0e elementor-widget elementor-widget-menu-anchor\" data-id=\"5492a0e\" data-element_type=\"widget\" data-widget_type=\"menu-anchor.default\">\n\t\t\t\t<div class=\"elementor-widget-container\">\n\t\t\t\t\t\t\t<div class=\"elementor-menu-anchor\" id=\"kontakt\"><\/div>\n\t\t\t\t\t\t<\/div>\n\t\t\t\t<\/div>\n\t\t\t\t\t<\/div>\n\t\t\t\t<\/div>\n\t\t<div class=\"elementor-element elementor-element-b5f217e e-flex e-con-boxed e-con e-parent\" data-id=\"b5f217e\" data-element_type=\"container\">\n\t\t\t\t\t<div class=\"e-con-inner\">\n\t\t<div class=\"elementor-element elementor-element-5938ec9 e-con-full e-flex e-con e-child\" data-id=\"5938ec9\" data-element_type=\"container\">\n\t\t\t\t<div class=\"elementor-element elementor-element-99f9e35 elementor-widget elementor-widget-heading\" data-id=\"99f9e35\" data-element_type=\"widget\" data-widget_type=\"heading.default\">\n\t\t\t\t<div class=\"elementor-widget-container\">\n\t\t\t\t\t<h2 class=\"elementor-heading-title elementor-size-default\">Kontakt<\/h2>\t\t\t\t<\/div>\n\t\t\t\t<\/div>\n\t\t\t\t<div class=\"elementor-element elementor-element-eb7931e elementor-widget elementor-widget-text-editor\" data-id=\"eb7931e\" data-element_type=\"widget\" data-widget_type=\"text-editor.default\">\n\t\t\t\t<div class=\"elementor-widget-container\">\n\t\t\t\t\t\t\t\t\t<p><span style=\"font-weight: 400;\">Wenn Sie Kontakt aufnehmen m\u00f6chten oder vor der Terminbuchung Fragen haben, k\u00f6nnen Sie sich gerne bei mir melden. Ich antworte Ihnen so bald wie m\u00f6glich.<\/span><\/p><p><b><span style=\"font-weight: 400;\"><b>Al\u017ebeta Zetzmann, MSc<\/b><\/span><\/b><br>Psychologin<\/p>\t\t\t\t\t\t\t\t<\/div>\n\t\t\t\t<\/div>\n\t\t<div class=\"elementor-element elementor-element-9bb0c24 e-grid e-con-full e-con e-child\" data-id=\"9bb0c24\" data-element_type=\"container\">\n\t\t\t\t<div class=\"elementor-element elementor-element-581f850 elementor-position-left elementor-view-default elementor-mobile-position-top elementor-vertical-align-top elementor-widget elementor-widget-icon-box\" data-id=\"581f850\" data-element_type=\"widget\" data-widget_type=\"icon-box.default\">\n\t\t\t\t<div class=\"elementor-widget-container\">\n\t\t\t\t\t\t\t<div class=\"elementor-icon-box-wrapper\">\n\n\t\t\t\t\t\t<div class=\"elementor-icon-box-icon\">\n\t\t\t\t<a href=\"tel:+41766159934\" class=\"elementor-icon\" tabindex=\"-1\" aria-label=\"+41 766 159 934\">\n\t\t\t\t<i aria-hidden=\"true\" class=\"fas fa-phone-alt\"><\/i>\t\t\t\t<\/a>\n\t\t\t<\/div>\n\t\t\t\n\t\t\t\t\t\t<div class=\"elementor-icon-box-content\">\n\n\t\t\t\t\t\t\t\t\t<h3 class=\"elementor-icon-box-title\">\n\t\t\t\t\t\t<a href=\"tel:+41766159934\" >\n\t\t\t\t\t\t\t+41 766 159 934\t\t\t\t\t\t<\/a>\n\t\t\t\t\t<\/h3>\n\t\t\t\t\n\t\t\t\t\n\t\t\t<\/div>\n\t\t\t\n\t\t<\/div>\n\t\t\t\t\t\t<\/div>\n\t\t\t\t<\/div>\n\t\t\t\t<div class=\"elementor-element elementor-element-d0125cb elementor-position-left elementor-view-default elementor-mobile-position-top elementor-vertical-align-top elementor-widget elementor-widget-icon-box\" data-id=\"d0125cb\" data-element_type=\"widget\" data-widget_type=\"icon-box.default\">\n\t\t\t\t<div class=\"elementor-widget-container\">\n\t\t\t\t\t\t\t<div class=\"elementor-icon-box-wrapper\">\n\n\t\t\t\t\t\t<div class=\"elementor-icon-box-icon\">\n\t\t\t\t<a href=\"mailto:info@alzbetazetzmann.com\" class=\"elementor-icon\" tabindex=\"-1\" aria-label=\"info@alzbetazetzmann.com\">\n\t\t\t\t<i aria-hidden=\"true\" class=\"far fa-envelope\"><\/i>\t\t\t\t<\/a>\n\t\t\t<\/div>\n\t\t\t\n\t\t\t\t\t\t<div class=\"elementor-icon-box-content\">\n\n\t\t\t\t\t\t\t\t\t<h3 class=\"elementor-icon-box-title\">\n\t\t\t\t\t\t<a href=\"mailto:info@alzbetazetzmann.com\" >\n\t\t\t\t\t\t\tinfo@alzbetazetzmann.com\t\t\t\t\t\t<\/a>\n\t\t\t\t\t<\/h3>\n\t\t\t\t\n\t\t\t\t\n\t\t\t<\/div>\n\t\t\t\n\t\t<\/div>\n\t\t\t\t\t\t<\/div>\n\t\t\t\t<\/div>\n\t\t\t\t<div class=\"elementor-element elementor-element-9c873d8 elementor-position-left elementor-view-default elementor-mobile-position-top elementor-vertical-align-top elementor-widget elementor-widget-icon-box\" data-id=\"9c873d8\" data-element_type=\"widget\" data-widget_type=\"icon-box.default\">\n\t\t\t\t<div class=\"elementor-widget-container\">\n\t\t\t\t\t\t\t<div class=\"elementor-icon-box-wrapper\">\n\n\t\t\t\t\t\t<div class=\"elementor-icon-box-icon\">\n\t\t\t\t<span  class=\"elementor-icon\">\n\t\t\t\t<i aria-hidden=\"true\" class=\"fas fa-map-marker-alt\"><\/i>\t\t\t\t<\/span>\n\t\t\t<\/div>\n\t\t\t\n\t\t\t\t\t\t<div class=\"elementor-icon-box-content\">\n\n\t\t\t\t\t\t\t\t\t<h3 class=\"elementor-icon-box-title\">\n\t\t\t\t\t\t<span  >\n\t\t\t\t\t\t\t Heuberg 16, 4051 Basel\t\t\t\t\t\t<\/span>\n\t\t\t\t\t<\/h3>\n\t\t\t\t\n\t\t\t\t\n\t\t\t<\/div>\n\t\t\t\n\t\t<\/div>\n\t\t\t\t\t\t<\/div>\n\t\t\t\t<\/div>\n\t\t\t\t<div class=\"elementor-element elementor-element-da679b3 elementor-position-left elementor-view-default elementor-mobile-position-top elementor-vertical-align-top elementor-widget elementor-widget-icon-box\" data-id=\"da679b3\" data-element_type=\"widget\" data-widget_type=\"icon-box.default\">\n\t\t\t\t<div class=\"elementor-widget-container\">\n\t\t\t\t\t\t\t<div class=\"elementor-icon-box-wrapper\">\n\n\t\t\t\t\t\t<div class=\"elementor-icon-box-icon\">\n\t\t\t\t<span  class=\"elementor-icon\">\n\t\t\t\t<i aria-hidden=\"true\" class=\"fas fa-globe\"><\/i>\t\t\t\t<\/span>\n\t\t\t<\/div>\n\t\t\t\n\t\t\t\t\t\t<div class=\"elementor-icon-box-content\">\n\n\t\t\t\t\t\t\t\t\t<h3 class=\"elementor-icon-box-title\">\n\t\t\t\t\t\t<span  >\n\t\t\t\t\t\t\tOnline-Sitzungen verf\u00fcgbar\t\t\t\t\t\t<\/span>\n\t\t\t\t\t<\/h3>\n\t\t\t\t\n\t\t\t\t\n\t\t\t<\/div>\n\t\t\t\n\t\t<\/div>\n\t\t\t\t\t\t<\/div>\n\t\t\t\t<\/div>\n\t\t\t\t<\/div>\n\t\t\t\t<div class=\"elementor-element elementor-element-68a0453 elementor-widget elementor-widget-text-editor\" data-id=\"68a0453\" data-element_type=\"widget\" data-widget_type=\"text-editor.default\">\n\t\t\t\t<div class=\"elementor-widget-container\">\n\t\t\t\t\t\t\t\t\t<p>Ich unterst\u00fctze regelm\u00e4\u00dfig Klientinnen und Klienten aus den Regionen Basel-Stadt (BS), Basel-Landschaft (BL), Aargau, Solothurn und Jura.<br>Online-Sitzungen erm\u00f6glichen eine Zusammenarbeit unabh\u00e4ngig davon, wo Sie sich in der Schweiz befinden, w\u00e4hrend gleichzeitig eine lokal in Basel verankerte Unterst\u00fctzung angeboten wird. <\/p>\t\t\t\t\t\t\t\t<\/div>\n\t\t\t\t<\/div>\n\t\t\t\t<\/div>\n\t\t<div class=\"elementor-element elementor-element-cbfdde5 e-con-full e-flex e-con e-child\" data-id=\"cbfdde5\" data-element_type=\"container\">\n\t\t\t\t<div class=\"elementor-element elementor-element-18773a6 elementor-widget elementor-widget-google_maps\" data-id=\"18773a6\" data-element_type=\"widget\" data-widget_type=\"google_maps.default\">\n\t\t\t\t<div class=\"elementor-widget-container\">\n\t\t\t\t\t\t\t<div class=\"elementor-custom-embed\">\n\t\t\t<iframe loading=\"lazy\"\n\t\t\t\t\tsrc=\"https:\/\/maps.google.com\/maps?q=Al%C5%BEbeta%20Zetzmann%2C%20Basel&#038;t=m&#038;z=15&#038;output=embed&#038;iwloc=near\"\n\t\t\t\t\ttitle=\"Al\u017ebeta Zetzmann, Basel\"\n\t\t\t\t\taria-label=\"Al\u017ebeta Zetzmann, Basel\"\n\t\t\t><\/iframe>\n\t\t<\/div>\n\t\t\t\t\t\t<\/div>\n\t\t\t\t<\/div>\n\t\t\t\t<\/div>\n\t\t\t\t\t<\/div>\n\t\t\t\t<\/div>\n\t\t<div class=\"elementor-element elementor-element-d50fd4a e-flex e-con-boxed e-con e-parent\" data-id=\"d50fd4a\" data-element_type=\"container\" data-settings=\"{&quot;background_background&quot;:&quot;classic&quot;}\">\n\t\t\t\t\t<div class=\"e-con-inner\">\n\t\t<div class=\"elementor-element elementor-element-ad39891 e-con-full e-flex e-con e-child\" data-id=\"ad39891\" data-element_type=\"container\">\n\t\t\t\t<div class=\"elementor-element elementor-element-4e2c4d2 elementor-widget elementor-widget-heading\" data-id=\"4e2c4d2\" data-element_type=\"widget\" data-widget_type=\"heading.default\">\n\t\t\t\t<div class=\"elementor-widget-container\">\n\t\t\t\t\t<h2 class=\"elementor-heading-title elementor-size-default\">H\u00e4ufig gestellte Fragen<\/h2>\t\t\t\t<\/div>\n\t\t\t\t<\/div>\n\t\t<div class=\"elementor-element elementor-element-b06ad46 e-con-full e-flex e-con e-child\" data-id=\"b06ad46\" data-element_type=\"container\">\n\t\t\t\t<div class=\"elementor-element elementor-element-3f6b5c7 elementor-widget elementor-widget-n-accordion\" data-id=\"3f6b5c7\" data-element_type=\"widget\" data-settings=\"{&quot;default_state&quot;:&quot;all_collapsed&quot;,&quot;max_items_expended&quot;:&quot;one&quot;,&quot;n_accordion_animation_duration&quot;:{&quot;unit&quot;:&quot;ms&quot;,&quot;size&quot;:400,&quot;sizes&quot;:[]}}\" data-widget_type=\"nested-accordion.default\">\n\t\t\t\t<div class=\"elementor-widget-container\">\n\t\t\t\t\t\t\t<div class=\"e-n-accordion\" aria-label=\"Accordion. Open links with Enter or Space, close with Escape, and navigate with Arrow Keys\">\n\t\t\t\t\t\t<details id=\"e-n-accordion-item-6650\" class=\"e-n-accordion-item\" >\n\t\t\t\t<summary class=\"e-n-accordion-item-title\" data-accordion-index=\"1\" tabindex=\"0\" aria-expanded=\"false\" aria-controls=\"e-n-accordion-item-6650\" >\n\t\t\t\t\t<span class='e-n-accordion-item-title-header'><h3 class=\"e-n-accordion-item-title-text\"> Muss ich genau wissen, woran ich arbeiten m\u00f6chte, bevor ich mich melde? <\/h3><\/span>\n\t\t\t\t\t\t\t<span class='e-n-accordion-item-title-icon'>\n\t\t\t<span class='e-opened' ><i aria-hidden=\"true\" class=\"fas fa-chevron-up\"><\/i><\/span>\n\t\t\t<span class='e-closed'><i aria-hidden=\"true\" class=\"fas fa-chevron-down\"><\/i><\/span>\n\t\t<\/span>\n\n\t\t\t\t\t\t<\/summary>\n\t\t\t\t<div role=\"region\" aria-labelledby=\"e-n-accordion-item-6650\" class=\"elementor-element elementor-element-db72916 e-con-full e-flex e-con e-child\" data-id=\"db72916\" data-element_type=\"container\">\n\t\t\t\t<div class=\"elementor-element elementor-element-a3425c6 elementor-widget elementor-widget-text-editor\" data-id=\"a3425c6\" data-element_type=\"widget\" data-widget_type=\"text-editor.default\">\n\t\t\t\t<div class=\"elementor-widget-container\">\n\t\t\t\t\t\t\t\t\t<p>\u00dcberhaupt nicht. Viele Menschen, die versuchen, einen Psychologen in Basel zu finden, haben keine klare Bezeichnung f\u00fcr das, was sie erleben. Wir k\u00f6nnen uns in den ersten Sitzungen Zeit nehmen, um Ihre Situation gemeinsam zu erforschen und zu kl\u00e4ren, worauf es sich am wichtigsten anf\u00fchlt, sich zu konzentrieren.  <\/p>\t\t\t\t\t\t\t\t<\/div>\n\t\t\t\t<\/div>\n\t\t\t\t<\/div>\n\t\t\t\t\t<\/details>\n\t\t\t\t\t\t<details id=\"e-n-accordion-item-6651\" class=\"e-n-accordion-item\" >\n\t\t\t\t<summary class=\"e-n-accordion-item-title\" data-accordion-index=\"2\" tabindex=\"-1\" aria-expanded=\"false\" aria-controls=\"e-n-accordion-item-6651\" >\n\t\t\t\t\t<span class='e-n-accordion-item-title-header'><h3 class=\"e-n-accordion-item-title-text\"> Ist dies der richtige Ort, wenn ich unsicher bin, ob ich Beratung ben\u00f6tige? <\/h3><\/span>\n\t\t\t\t\t\t\t<span class='e-n-accordion-item-title-icon'>\n\t\t\t<span class='e-opened' ><i aria-hidden=\"true\" class=\"fas fa-chevron-up\"><\/i><\/span>\n\t\t\t<span class='e-closed'><i aria-hidden=\"true\" class=\"fas fa-chevron-down\"><\/i><\/span>\n\t\t<\/span>\n\n\t\t\t\t\t\t<\/summary>\n\t\t\t\t<div role=\"region\" aria-labelledby=\"e-n-accordion-item-6651\" class=\"elementor-element elementor-element-4abeff1 e-con-full e-flex e-con e-child\" data-id=\"4abeff1\" data-element_type=\"container\">\n\t\t\t\t<div class=\"elementor-element elementor-element-4134eae elementor-widget elementor-widget-text-editor\" data-id=\"4134eae\" data-element_type=\"widget\" data-widget_type=\"text-editor.default\">\n\t\t\t\t<div class=\"elementor-widget-container\">\n\t\t\t\t\t\t\t\t\t<p>Ja. Sich unsicher zu f\u00fchlen, ist sehr h\u00e4ufig. Sie sind willkommen, sich zu melden, auch wenn Sie noch entscheiden, ob psychologische Beratung sich f\u00fcr Sie richtig anf\u00fchlt. Ein erstes Gespr\u00e4ch kann Ihnen helfen, Klarheit zu gewinnen, ohne jegliche Verpflichtung.   <\/p>\t\t\t\t\t\t\t\t<\/div>\n\t\t\t\t<\/div>\n\t\t\t\t<\/div>\n\t\t\t\t\t<\/details>\n\t\t\t\t\t\t<details id=\"e-n-accordion-item-6652\" class=\"e-n-accordion-item\" >\n\t\t\t\t<summary class=\"e-n-accordion-item-title\" data-accordion-index=\"3\" tabindex=\"-1\" aria-expanded=\"false\" aria-controls=\"e-n-accordion-item-6652\" >\n\t\t\t\t\t<span class='e-n-accordion-item-title-header'><h3 class=\"e-n-accordion-item-title-text\"> Arbeiten Sie nur mit Klienten in Basel? <\/h3><\/span>\n\t\t\t\t\t\t\t<span class='e-n-accordion-item-title-icon'>\n\t\t\t<span class='e-opened' ><i aria-hidden=\"true\" class=\"fas fa-chevron-up\"><\/i><\/span>\n\t\t\t<span class='e-closed'><i aria-hidden=\"true\" class=\"fas fa-chevron-down\"><\/i><\/span>\n\t\t<\/span>\n\n\t\t\t\t\t\t<\/summary>\n\t\t\t\t<div role=\"region\" aria-labelledby=\"e-n-accordion-item-6652\" class=\"elementor-element elementor-element-1d5ce61 e-con-full e-flex e-con e-child\" data-id=\"1d5ce61\" data-element_type=\"container\">\n\t\t\t\t<div class=\"elementor-element elementor-element-99260ed elementor-widget elementor-widget-text-editor\" data-id=\"99260ed\" data-element_type=\"widget\" data-widget_type=\"text-editor.default\">\n\t\t\t\t<div class=\"elementor-widget-container\">\n\t\t\t\t\t\t\t\t\t<p>Obwohl ich in Basel ans\u00e4ssig bin, arbeite ich mit Klienten aus Basel-Stadt, Basel-Landschaft und umliegenden Kantonen wie Aargau, Solothurn, Jura und Bern. Online-Sitzungen erm\u00f6glichen es auch, schweizweit zusammenzuarbeiten. <\/p>\t\t\t\t\t\t\t\t<\/div>\n\t\t\t\t<\/div>\n\t\t\t\t<\/div>\n\t\t\t\t\t<\/details>\n\t\t\t\t\t\t<details id=\"e-n-accordion-item-6653\" class=\"e-n-accordion-item\" >\n\t\t\t\t<summary class=\"e-n-accordion-item-title\" data-accordion-index=\"4\" tabindex=\"-1\" aria-expanded=\"false\" aria-controls=\"e-n-accordion-item-6653\" >\n\t\t\t\t\t<span class='e-n-accordion-item-title-header'><h3 class=\"e-n-accordion-item-title-text\"> Sind Sitzungen auf Englisch verf\u00fcgbar? <\/h3><\/span>\n\t\t\t\t\t\t\t<span class='e-n-accordion-item-title-icon'>\n\t\t\t<span class='e-opened' ><i aria-hidden=\"true\" class=\"fas fa-chevron-up\"><\/i><\/span>\n\t\t\t<span class='e-closed'><i aria-hidden=\"true\" class=\"fas fa-chevron-down\"><\/i><\/span>\n\t\t<\/span>\n\n\t\t\t\t\t\t<\/summary>\n\t\t\t\t<div role=\"region\" aria-labelledby=\"e-n-accordion-item-6653\" class=\"elementor-element elementor-element-ccbaa30 e-con-full e-flex e-con e-child\" data-id=\"ccbaa30\" data-element_type=\"container\">\n\t\t\t\t<div class=\"elementor-element elementor-element-c985aa5 elementor-widget elementor-widget-text-editor\" data-id=\"c985aa5\" data-element_type=\"widget\" data-widget_type=\"text-editor.default\">\n\t\t\t\t<div class=\"elementor-widget-container\">\n\t\t\t\t\t\t\t\t\t<p>Ja. Ich bin eine englischsprachige Psychologin, und Sitzungen sind auf Englisch sowie auf Slowakisch und Tschechisch verf\u00fcgbar. Sprachpr\u00e4ferenzen k\u00f6nnen beim ersten Kontakt besprochen werden.  <\/p>\t\t\t\t\t\t\t\t<\/div>\n\t\t\t\t<\/div>\n\t\t\t\t<\/div>\n\t\t\t\t\t<\/details>\n\t\t\t\t\t\t<details id=\"e-n-accordion-item-6654\" class=\"e-n-accordion-item\" >\n\t\t\t\t<summary class=\"e-n-accordion-item-title\" data-accordion-index=\"5\" tabindex=\"-1\" aria-expanded=\"false\" aria-controls=\"e-n-accordion-item-6654\" >\n\t\t\t\t\t<span class='e-n-accordion-item-title-header'><h3 class=\"e-n-accordion-item-title-text\"> Wie wei\u00df ich, ob wir gut zusammenpassen? <\/h3><\/span>\n\t\t\t\t\t\t\t<span class='e-n-accordion-item-title-icon'>\n\t\t\t<span class='e-opened' ><i aria-hidden=\"true\" class=\"fas fa-chevron-up\"><\/i><\/span>\n\t\t\t<span class='e-closed'><i aria-hidden=\"true\" class=\"fas fa-chevron-down\"><\/i><\/span>\n\t\t<\/span>\n\n\t\t\t\t\t\t<\/summary>\n\t\t\t\t<div role=\"region\" aria-labelledby=\"e-n-accordion-item-6654\" class=\"elementor-element elementor-element-f2d5e22 e-con-full e-flex e-con e-child\" data-id=\"f2d5e22\" data-element_type=\"container\">\n\t\t\t\t<div class=\"elementor-element elementor-element-c4b544d elementor-widget elementor-widget-text-editor\" data-id=\"c4b544d\" data-element_type=\"widget\" data-widget_type=\"text-editor.default\">\n\t\t\t\t<div class=\"elementor-widget-container\">\n\t\t\t\t\t\t\t\t\t<p>Die ersten Sitzungen sind eine Gelegenheit f\u00fcr uns beide zu sehen, ob die Zusammenarbeit sich unterst\u00fctzend und sinnvoll anf\u00fchlt. Eine vertrauensvolle, kooperative Beziehung ist eine wichtige Grundlage f\u00fcr effektive psychologische Arbeit, und es ist in Ordnung, sich Zeit zu nehmen, um zu sp\u00fcren, ob es sich richtig anf\u00fchlt. <\/p>\t\t\t\t\t\t\t\t<\/div>\n\t\t\t\t<\/div>\n\t\t\t\t<\/div>\n\t\t\t\t\t<\/details>\n\t\t\t\t\t\t<details id=\"e-n-accordion-item-6655\" class=\"e-n-accordion-item\" >\n\t\t\t\t<summary class=\"e-n-accordion-item-title\" data-accordion-index=\"6\" tabindex=\"-1\" aria-expanded=\"false\" aria-controls=\"e-n-accordion-item-6655\" >\n\t\t\t\t\t<span class='e-n-accordion-item-title-header'><h3 class=\"e-n-accordion-item-title-text\"> Kann ich online beginnen und sp\u00e4ter pers\u00f6nlich fortsetzen? <\/h3><\/span>\n\t\t\t\t\t\t\t<span class='e-n-accordion-item-title-icon'>\n\t\t\t<span class='e-opened' ><i aria-hidden=\"true\" class=\"fas fa-chevron-up\"><\/i><\/span>\n\t\t\t<span class='e-closed'><i aria-hidden=\"true\" class=\"fas fa-chevron-down\"><\/i><\/span>\n\t\t<\/span>\n\n\t\t\t\t\t\t<\/summary>\n\t\t\t\t<div role=\"region\" aria-labelledby=\"e-n-accordion-item-6655\" class=\"elementor-element elementor-element-d3014f7 e-con-full e-flex e-con e-child\" data-id=\"d3014f7\" data-element_type=\"container\">\n\t\t\t\t<div class=\"elementor-element elementor-element-2311286 elementor-widget elementor-widget-text-editor\" data-id=\"2311286\" data-element_type=\"widget\" data-widget_type=\"text-editor.default\">\n\t\t\t\t<div class=\"elementor-widget-container\">\n\t\t\t\t\t\t\t\t\t<p>Ja. Derzeit werden Sitzungen online angeboten. Pers\u00f6nliche Sitzungen in Basel sind geplant, und wir k\u00f6nnen Pr\u00e4ferenzen und M\u00f6glichkeiten besprechen, w\u00e4hrend sich Ihre Situation entwickelt.  <\/p>\t\t\t\t\t\t\t\t<\/div>\n\t\t\t\t<\/div>\n\t\t\t\t<\/div>\n\t\t\t\t\t<\/details>\n\t\t\t\t\t\t<details id=\"e-n-accordion-item-6656\" class=\"e-n-accordion-item\" >\n\t\t\t\t<summary class=\"e-n-accordion-item-title\" data-accordion-index=\"7\" tabindex=\"-1\" aria-expanded=\"false\" aria-controls=\"e-n-accordion-item-6656\" >\n\t\t\t\t\t<span class='e-n-accordion-item-title-header'><h3 class=\"e-n-accordion-item-title-text\"> Was ist, wenn ich eine gro\u00dfe Lebensver\u00e4nderung durchmache? <\/h3><\/span>\n\t\t\t\t\t\t\t<span class='e-n-accordion-item-title-icon'>\n\t\t\t<span class='e-opened' ><i aria-hidden=\"true\" class=\"fas fa-chevron-up\"><\/i><\/span>\n\t\t\t<span class='e-closed'><i aria-hidden=\"true\" class=\"fas fa-chevron-down\"><\/i><\/span>\n\t\t<\/span>\n\n\t\t\t\t\t\t<\/summary>\n\t\t\t\t<div role=\"region\" aria-labelledby=\"e-n-accordion-item-6656\" class=\"elementor-element elementor-element-816bcde e-con-full e-flex e-con e-child\" data-id=\"816bcde\" data-element_type=\"container\">\n\t\t\t\t<div class=\"elementor-element elementor-element-a108d2d elementor-widget elementor-widget-text-editor\" data-id=\"a108d2d\" data-element_type=\"widget\" data-widget_type=\"text-editor.default\">\n\t\t\t\t<div class=\"elementor-widget-container\">\n\t\t\t\t\t\t\t\t\t<p>Lebens\u00fcberg\u00e4nge \u2013 wie Umzug, Karrierewechsel oder Ver\u00e4nderungen in Beziehungen \u2013 sind ein h\u00e4ufiger Grund, warum Menschen Unterst\u00fctzung suchen. Psychologische Beratung kann einen stabilen, reflektierenden Raum bieten, um Ver\u00e4nderungen zu bew\u00e4ltigen und innere Ressourcen in unsicheren Zeiten zu st\u00e4rken. <\/p>\t\t\t\t\t\t\t\t<\/div>\n\t\t\t\t<\/div>\n\t\t\t\t<\/div>\n\t\t\t\t\t<\/details>\n\t\t\t\t\t\t<details id=\"e-n-accordion-item-6657\" class=\"e-n-accordion-item\" >\n\t\t\t\t<summary class=\"e-n-accordion-item-title\" data-accordion-index=\"8\" tabindex=\"-1\" aria-expanded=\"false\" aria-controls=\"e-n-accordion-item-6657\" >\n\t\t\t\t\t<span class='e-n-accordion-item-title-header'><h3 class=\"e-n-accordion-item-title-text\"> Ist das, wor\u00fcber wir sprechen, vertraulich? <\/h3><\/span>\n\t\t\t\t\t\t\t<span class='e-n-accordion-item-title-icon'>\n\t\t\t<span class='e-opened' ><i aria-hidden=\"true\" class=\"fas fa-chevron-up\"><\/i><\/span>\n\t\t\t<span class='e-closed'><i aria-hidden=\"true\" class=\"fas fa-chevron-down\"><\/i><\/span>\n\t\t<\/span>\n\n\t\t\t\t\t\t<\/summary>\n\t\t\t\t<div role=\"region\" aria-labelledby=\"e-n-accordion-item-6657\" class=\"elementor-element elementor-element-ab1bee0 e-con-full e-flex e-con e-child\" data-id=\"ab1bee0\" data-element_type=\"container\">\n\t\t\t\t<div class=\"elementor-element elementor-element-cbf5dbd elementor-widget elementor-widget-text-editor\" data-id=\"cbf5dbd\" data-element_type=\"widget\" data-widget_type=\"text-editor.default\">\n\t\t\t\t<div class=\"elementor-widget-container\">\n\t\t\t\t\t\t\t\t\t<p>Ja. Sitzungen finden in einem vertraulichen und respektvollen Rahmen statt. Einen sicheren Raum zu schaffen, in dem Sie offen sprechen k\u00f6nnen, ist ein zentraler Teil meiner Arbeit.  <\/p>\t\t\t\t\t\t\t\t<\/div>\n\t\t\t\t<\/div>\n\t\t\t\t<\/div>\n\t\t\t\t\t<\/details>\n\t\t\t\t\t<\/div>\n\t\t\t\t\t\t<\/div>\n\t\t\t\t<\/div>\n\t\t\t\t<\/div>\n\t\t\t\t<\/div>\n\t\t\t\t\t<\/div>\n\t\t\t\t<\/div>\n\t\t\t\t<\/div>\n\t\t","protected":false},"excerpt":{"rendered":"<p>Al\u017ebeta Zetzmann, MSc \u2013 Psychologin in Basel. Unterst\u00fctzung auf Englisch &amp; Slowakisch Ein vertraulicher, unterst\u00fctzender Raum f\u00fcr Wohlbefinden, Selbstreflexion und mentale Gesundheit.Pers\u00f6nliche Sitzungen in Basel (Schweiz) werden in K\u00fcrze verf\u00fcgbar sein; derzeit sind Online-Sitzungen m\u00f6glich. Kontakt aufnehmen Ablauf der Sitzungen Dr\u00e4nge den Fluss nicht, er flie\u00dft von selbst. Laozi Herzlich willkommen. Ich freue mich darauf, [&hellip;]<\/p>\n","protected":false},"author":4,"featured_media":0,"parent":0,"menu_order":0,"comment_status":"closed","ping_status":"closed","template":"","meta":{"footnotes":""},"class_list":["post-1880","page","type-page","status-publish","hentry"],"yoast_head":"<!-- This site is optimized with the Yoast SEO plugin v27.1.1 - https:\/\/yoast.com\/product\/yoast-seo-wordpress\/ -->\n<title>Psychologin in Basel | Psychologische Beratung | Englisch &amp; Slowakisch<\/title>\n<meta name=\"description\" content=\"Al\u017ebeta Zetzmann, MSc \u2013 Psychologin in Basel, die psychologische Beratung auf Englisch und Slowakisch anbietet \u2713 Online-Sitzungen verf\u00fcgbar.\" \/>\n<meta name=\"robots\" content=\"index, follow, max-snippet:-1, max-image-preview:large, max-video-preview:-1\" \/>\n<link rel=\"canonical\" href=\"https:\/\/alzbetazetzmann.com\/de\/\" \/>\n<meta property=\"og:locale\" content=\"de_DE\" \/>\n<meta property=\"og:type\" content=\"article\" \/>\n<meta property=\"og:title\" content=\"Psychologin in Basel | Psychologische Beratung | Englisch &amp; Slowakisch\" \/>\n<meta property=\"og:description\" content=\"Al\u017ebeta Zetzmann, MSc \u2013 Psychologin in Basel, die psychologische Beratung auf Englisch und Slowakisch anbietet \u2713 Online-Sitzungen verf\u00fcgbar.\" \/>\n<meta property=\"og:url\" content=\"https:\/\/alzbetazetzmann.com\/de\/\" \/>\n<meta property=\"og:site_name\" content=\"Mgr. Al\u017ebeta Zetzmann\" \/>\n<meta property=\"article:modified_time\" content=\"2026-04-09T14:28:59+00:00\" \/>\n<meta property=\"og:image\" content=\"https:\/\/alzbetazetzmann.com\/wp-content\/uploads\/2026\/02\/Alzbeta-Zetzmann-English-Speaking-Psychologist-in-Basel.jpeg\" \/>\n<meta name=\"twitter:card\" content=\"summary_large_image\" \/>\n<meta name=\"twitter:label1\" content=\"Gesch\u00e4tzte Lesezeit\" \/>\n\t<meta name=\"twitter:data1\" content=\"20\u00a0Minuten\" \/>\n<!-- \/ Yoast SEO plugin. -->","yoast_head_json":{"title":"Psychologin in Basel | Psychologische Beratung | Englisch & Slowakisch","description":"Al\u017ebeta Zetzmann, MSc \u2013 Psychologin in Basel, die psychologische Beratung auf Englisch und Slowakisch anbietet \u2713 Online-Sitzungen verf\u00fcgbar.","robots":{"index":"index","follow":"follow","max-snippet":"max-snippet:-1","max-image-preview":"max-image-preview:large","max-video-preview":"max-video-preview:-1"},"canonical":"https:\/\/alzbetazetzmann.com\/de\/","og_locale":"de_DE","og_type":"article","og_title":"Psychologin in Basel | Psychologische Beratung | Englisch & Slowakisch","og_description":"Al\u017ebeta Zetzmann, MSc \u2013 Psychologin in Basel, die psychologische Beratung auf Englisch und Slowakisch anbietet \u2713 Online-Sitzungen verf\u00fcgbar.","og_url":"https:\/\/alzbetazetzmann.com\/de\/","og_site_name":"Mgr. Al\u017ebeta Zetzmann","article_modified_time":"2026-04-09T14:28:59+00:00","og_image":[{"url":"https:\/\/alzbetazetzmann.com\/wp-content\/uploads\/2026\/02\/Alzbeta-Zetzmann-English-Speaking-Psychologist-in-Basel.jpeg","type":"","width":"","height":""}],"twitter_card":"summary_large_image","twitter_misc":{"Gesch\u00e4tzte Lesezeit":"20\u00a0Minuten"},"schema":{"@context":"https:\/\/schema.org","@graph":[{"@type":"WebPage","@id":"https:\/\/alzbetazetzmann.com\/de\/","url":"https:\/\/alzbetazetzmann.com\/de\/","name":"Psychologin in Basel | Psychologische Beratung | Englisch & Slowakisch","isPartOf":{"@id":"https:\/\/alzbetazetzmann.com\/de\/#website"},"primaryImageOfPage":{"@id":"https:\/\/alzbetazetzmann.com\/de\/#primaryimage"},"image":{"@id":"https:\/\/alzbetazetzmann.com\/de\/#primaryimage"},"thumbnailUrl":"https:\/\/alzbetazetzmann.com\/wp-content\/uploads\/2026\/02\/Alzbeta-Zetzmann-English-Speaking-Psychologist-in-Basel.jpeg","datePublished":"2026-02-18T08:57:29+00:00","dateModified":"2026-04-09T14:28:59+00:00","description":"Al\u017ebeta Zetzmann, MSc \u2013 Psychologin in Basel, die psychologische Beratung auf Englisch und Slowakisch anbietet \u2713 Online-Sitzungen verf\u00fcgbar.","breadcrumb":{"@id":"https:\/\/alzbetazetzmann.com\/de\/#breadcrumb"},"inLanguage":"de","potentialAction":[{"@type":"ReadAction","target":["https:\/\/alzbetazetzmann.com\/de\/"]}]},{"@type":"ImageObject","inLanguage":"de","@id":"https:\/\/alzbetazetzmann.com\/de\/#primaryimage","url":"https:\/\/alzbetazetzmann.com\/wp-content\/uploads\/2026\/02\/Alzbeta-Zetzmann-English-Speaking-Psychologist-in-Basel.jpeg","contentUrl":"https:\/\/alzbetazetzmann.com\/wp-content\/uploads\/2026\/02\/Alzbeta-Zetzmann-English-Speaking-Psychologist-in-Basel.jpeg"},{"@type":"BreadcrumbList","@id":"https:\/\/alzbetazetzmann.com\/de\/#breadcrumb","itemListElement":[{"@type":"ListItem","position":1,"name":"Home","item":"https:\/\/alzbetazetzmann.com\/de\/alzbeta-zetzmann-en-new\/"},{"@type":"ListItem","position":2,"name":"Al\u017ebeta Zetzmann"}]},{"@type":"WebSite","@id":"https:\/\/alzbetazetzmann.com\/de\/#website","url":"https:\/\/alzbetazetzmann.com\/de\/","name":"Mgr. Al\u017ebeta Zetzmann","description":"Psychologicka,  terapeutka. Individualne sprevadzanie dospel\u00fdch klientov.","publisher":{"@id":"https:\/\/alzbetazetzmann.com\/de\/#organization"},"potentialAction":[{"@type":"SearchAction","target":{"@type":"EntryPoint","urlTemplate":"https:\/\/alzbetazetzmann.com\/de\/?s={search_term_string}"},"query-input":{"@type":"PropertyValueSpecification","valueRequired":true,"valueName":"search_term_string"}}],"inLanguage":"de"},{"@type":"Organization","@id":"https:\/\/alzbetazetzmann.com\/de\/#organization","name":"Mgr. Al\u017ebeta Zetzmann","url":"https:\/\/alzbetazetzmann.com\/de\/","logo":{"@type":"ImageObject","inLanguage":"de","@id":"https:\/\/alzbetazetzmann.com\/de\/#\/schema\/logo\/image\/","url":"https:\/\/alzbetazetzmann.com\/wp-content\/uploads\/2025\/05\/hummingbird-psychologist-basel.jpg","contentUrl":"https:\/\/alzbetazetzmann.com\/wp-content\/uploads\/2025\/05\/hummingbird-psychologist-basel.jpg","width":1024,"height":1024,"caption":"Mgr. Al\u017ebeta Zetzmann"},"image":{"@id":"https:\/\/alzbetazetzmann.com\/de\/#\/schema\/logo\/image\/"}}]}},"_links":{"self":[{"href":"https:\/\/alzbetazetzmann.com\/de\/wp-json\/wp\/v2\/pages\/1880","targetHints":{"allow":["GET"]}}],"collection":[{"href":"https:\/\/alzbetazetzmann.com\/de\/wp-json\/wp\/v2\/pages"}],"about":[{"href":"https:\/\/alzbetazetzmann.com\/de\/wp-json\/wp\/v2\/types\/page"}],"author":[{"embeddable":true,"href":"https:\/\/alzbetazetzmann.com\/de\/wp-json\/wp\/v2\/users\/4"}],"replies":[{"embeddable":true,"href":"https:\/\/alzbetazetzmann.com\/de\/wp-json\/wp\/v2\/comments?post=1880"}],"version-history":[{"count":3,"href":"https:\/\/alzbetazetzmann.com\/de\/wp-json\/wp\/v2\/pages\/1880\/revisions"}],"predecessor-version":[{"id":1925,"href":"https:\/\/alzbetazetzmann.com\/de\/wp-json\/wp\/v2\/pages\/1880\/revisions\/1925"}],"wp:attachment":[{"href":"https:\/\/alzbetazetzmann.com\/de\/wp-json\/wp\/v2\/media?parent=1880"}],"curies":[{"name":"wp","href":"https:\/\/api.w.org\/{rel}","templated":true}]}}